{"id":9008,"date":"2023-09-12T10:18:13","date_gmt":"2023-09-12T10:18:13","guid":{"rendered":"https:\/\/www.tubitex.com\/por-fesr-veneto-bolgesi\/"},"modified":"2025-01-14T11:07:38","modified_gmt":"2025-01-14T11:07:38","slug":"por-fesr-veneto-bolgesi","status":"publish","type":"page","link":"https:\/\/www.tubitex.com\/tr\/por-fesr-veneto-bolgesi\/","title":{"rendered":"Por Fesr Veneto B\u00f6lgesi"},"content":{"rendered":"<p>[et_pb_section fb_built=&#8221;1&#8243; _builder_version=&#8221;4.17.4&#8243; _module_preset=&#8221;default&#8221; global_colors_info=&#8221;{}&#8221;][et_pb_row column_structure=&#8221;1_2,1_2&#8243; _builder_version=&#8221;4.17.4&#8243; _module_preset=&#8221;default&#8221; hover_enabled=&#8221;0&#8243; global_colors_info=&#8221;{}&#8221; sticky_enabled=&#8221;0&#8243;][et_pb_column type=&#8221;1_2&#8243; _builder_version=&#8221;4.17.4&#8243; _module_preset=&#8221;default&#8221; global_colors_info=&#8221;{}&#8221;][et_pb_image src=&#8221;https:\/\/www.tubitex.com\/wp-content\/uploads\/2023\/05\/logo-pro-fesr-regione-veneto.png&#8221; title_text=&#8221;logo-pro-fesr-b\u00f6lge-veneto&#8221; _builder_version=&#8221;4.17.4&#8243; _module_preset=&#8221;default&#8221; hover_enabled=&#8221;0&#8243; global_colors_info=&#8221;{}&#8221; align=&#8221;center&#8221; sticky_enabled=&#8221;0&#8243;][\/et_pb_image][\/et_pb_column][et_pb_column type=&#8221;1_2&#8243; _builder_version=&#8221;4.17.4&#8243; _module_preset=&#8221;default&#8221; hover_enabled=&#8221;0&#8243; global_colors_info=&#8221;{}&#8221; sticky_enabled=&#8221;0&#8243;][et_pb_image src=&#8221;https:\/\/www.tubitex.com\/wp-content\/uploads\/\/logo.svg&#8221; title_text=&#8221;logo&#8221; _builder_version=&#8221;4.17.4&#8243; _module_preset=&#8221;default&#8221; hover_enabled=&#8221;0&#8243; global_colors_info=&#8221;{}&#8221; align=&#8221;center&#8221; sticky_enabled=&#8221;0&#8243;][\/et_pb_image][\/et_pb_column][\/et_pb_row][et_pb_row _builder_version=&#8221;4.17.4&#8243; _module_preset=&#8221;default&#8221; global_colors_info=&#8221;{}&#8221;][et_pb_column type=&#8221;4_4&#8243; _builder_version=&#8221;4.17.4&#8243; _module_preset=&#8221;default&#8221; global_colors_info=&#8221;{}&#8221;][et_pb_text _builder_version=&#8221;4.17.4&#8243; _module_preset=&#8221;default&#8221; global_colors_info=&#8221;{}&#8221;]<\/p>\n<h2>Bir f\u0131rsat \u00e7arpan\u0131. Ka\u00e7\u0131r\u0131lmamas\u0131 gereken. <\/h2>\n<p>[\/et_pb_text][\/et_pb_column][\/et_pb_row][et_pb_row _builder_version=&#8221;4.17.4&#8243; _module_preset=&#8221;default&#8221; global_colors_info=&#8221;{}&#8221;][et_pb_column type=&#8221;4_4&#8243; _builder_version=&#8221;4.17.4&#8243; _module_preset=&#8221;default&#8221; global_colors_info=&#8221;{}&#8221;][et_pb_text _builder_version=&#8221;4.17.4&#8243; _module_preset=&#8221;default&#8221; global_colors_info=&#8221;{}&#8221;]<\/p>\n<p>&nbsp;<\/p>\n<table class=\" alignleft\" width=\"100%\">\n<tbody>\n<tr>\n<td>Eksen 1<\/td>\n<td>Ara\u015ft\u0131rma, Teknolojik Geli\u015ftirme ve \u0130novasyon<\/td>\n<\/tr>\n<tr>\n<td>Eylem 1.1.2<\/td>\n<td>\u0130\u015fletmelerin teknolojik, stratejik, \u00f6rg\u00fctsel ve ticari inovasyonuna y\u00f6nelik hizmet al\u0131mlar\u0131n\u0131n desteklenmesi<\/td>\n<\/tr>\n<tr>\n<td>PROJE<\/td>\n<td>UNI EN ISO 14001\/2015 STANDARDINA G\u00d6RE \u00c7EVRE Y\u00d6NETI\u0307M SI\u0307STEMI\u0307NI\u0307N TANIMLANMASI VE UYGULANMASI VE \u00dcR\u00dcN YA\u015eAM D\u00d6NG\u00dcS\u00dc DE\u011eERLENDI\u0307RMESI\u0307 I\u0307\u00c7I\u0307N L.C.A. Y\u00d6NTEMI\u0307NI\u0307N UYGULANMASI<\/td>\n<\/tr>\n<tr>\n<td>A\u00c7IKLAMA<\/td>\n<td>Projenin amac\u0131, ulusal ve uluslararas\u0131 pazarlarda y\u0131llar i\u00e7inde elde edilen konumu sa\u011flamla\u015ft\u0131rmak ve g\u00fc\u00e7lendirmektir.<\/p>\n<p>\u015eirket \u00f6zellikle \u015funlar\u0131 ama\u00e7lamaktad\u0131r: &#8211; Y\u00fcksek ve tan\u0131nabilir standartlar\u0131n gerekli oldu\u011fu t\u00fcm pazarlarda faaliyet g\u00f6stermeye devam edebilmek &#8211; \u0130\u00e7 organizasyonunu geli\u015ftirebilmek &#8211; \u00c7evresel s\u00fcrd\u00fcr\u00fclebilirlik ve eko-uyumluluk konular\u0131na kar\u015f\u0131 artan duyarl\u0131l\u0131k g\u00f6z \u00f6n\u00fcne al\u0131nd\u0131\u011f\u0131nda yeni pazar paylar\u0131 elde edebilmek.<\/p>\n<p>ISO 14001 standard\u0131n\u0131n uygulanmas\u0131 yoluyla: &#8211; Risk Tabanl\u0131 D\u00fc\u015f\u00fcnme bak\u0131\u015f a\u00e7\u0131s\u0131yla kendi \u015eirket Y\u00f6netimini belirlemek; &#8211; Belgelere de\u011fil s\u00fcre\u00e7lere odaklanarak dok\u00fcmantasyonu basitle\u015ftirmek; &#8211; Ger\u00e7ek \u015eirket \u00c7evresel Risklerini Y\u00f6netimle birlikte yeniden belirlemek ve bunlar\u0131 Y\u00f6netim Sistemine dahil etmek; LCA yoluyla ise a\u015fa\u011f\u0131daki di\u011fer hedeflere ula\u015fmak ama\u00e7lanmaktad\u0131r  <\/p>\n<p>&nbsp;<\/p>\n<ul>\n<li>S\u00fcrd\u00fcr\u00fclebilirlik politikalar\u0131n\u0131n benimsenmesi yoluyla \u015firketin imaj\u0131n\u0131n ve itibar\u0131n\u0131n art\u0131r\u0131lmas\u0131;<\/li>\n<li>\u00dcr\u00fcn ya\u015fam d\u00f6ng\u00fcs\u00fc boyunca \u00e7evresel etkilerin de\u011ferlendirilmesi, israf\u0131 azaltmak ve kurumsal s\u00fcrd\u00fcr\u00fclebilirli\u011fi geli\u015ftirmek i\u00e7in ger\u00e7ekle\u015ftirilir,<\/li>\n<li>Teknolojiye ve mevcut iyi uygulamalara yapt\u0131klar\u0131 yat\u0131r\u0131mlar\u0131 de\u011ferlendirmek;<\/li>\n<li>Ayr\u0131ca &#8211; ve her \u015feyden \u00f6nce &#8211; \u00fcr\u00fcnle ilgili sonu\u00e7lar\u0131n iletilmesi.<\/li>\n<\/ul>\n<\/td>\n<\/tr>\n<tr>\n<td>UYGUN HARCAMA<\/td>\n<td>6.000,00 \u20ac<\/td>\n<\/tr>\n<tr>\n<td>KATKI<\/td>\n<td>4.500,00 \u20ac<\/td>\n<\/tr>\n<\/tbody>\n<\/table>\n<p>&nbsp;<\/p>\n<p>[\/et_pb_text][\/et_pb_column][\/et_pb_row][\/et_pb_section]<\/p>\n","protected":false},"excerpt":{"rendered":"<p>Bir f\u0131rsat \u00e7arpan\u0131. Ka\u00e7\u0131r\u0131lmamas\u0131 gereken. &nbsp; Eksen 1Ara\u015ft\u0131rma, Teknolojik Geli\u015ftirme ve \u0130novasyon Eylem 1.1.2\u0130\u015fletmelerin teknolojik, stratejik, \u00f6rg\u00fctsel ve ticari inovasyonuna y\u00f6nelik hizmet al\u0131mlar\u0131n\u0131n desteklenmesi PROJEUNI EN ISO 14001\/2015 STANDARDINA G\u00d6RE \u00c7EVRE Y\u00d6NETI\u0307M SI\u0307STEMI\u0307NI\u0307N TANIMLANMASI VE UYGULANMASI VE \u00dcR\u00dcN YA\u015eAM D\u00d6NG\u00dcS\u00dc DE\u011eERLENDI\u0307RMESI\u0307 I\u0307\u00c7I\u0307N L.C.A. Y\u00d6NTEMI\u0307NI\u0307N UYGULANMASI A\u00c7IKLAMA Projenin amac\u0131, ulusal ve uluslararas\u0131 pazarlarda y\u0131llar i\u00e7inde elde [&hellip;]<\/p>\n","protected":false},"author":1,"featured_media":0,"parent":0,"menu_order":0,"comment_status":"closed","ping_status":"closed","template":"","meta":{"_acf_changed":false,"_et_pb_use_builder":"on","_et_pb_old_content":"","_et_gb_content_width":"","inline_featured_image":false,"footnotes":""},"categories":[],"class_list":["post-9008","page","type-page","status-publish","hentry"],"acf":[],"yoast_head":"<!-- This site is optimized with the Yoast SEO plugin v27.1.1 - https:\/\/yoast.com\/product\/yoast-seo-wordpress\/ -->\n<title>Por Fesr Veneto B\u00f6lgesi - Tubitex<\/title>\n<meta name=\"robots\" content=\"index, follow, max-snippet:-1, max-image-preview:large, max-video-preview:-1\" \/>\n<link rel=\"canonical\" href=\"https:\/\/www.tubitex.com\/tr\/por-fesr-veneto-bolgesi\/\" \/>\n<meta property=\"og:locale\" content=\"tr_TR\" \/>\n<meta property=\"og:type\" content=\"article\" \/>\n<meta property=\"og:title\" content=\"Por Fesr Veneto B\u00f6lgesi - Tubitex\" \/>\n<meta property=\"og:description\" content=\"Bir f\u0131rsat \u00e7arpan\u0131. Ka\u00e7\u0131r\u0131lmamas\u0131 gereken. &nbsp; Eksen 1Ara\u015ft\u0131rma, Teknolojik Geli\u015ftirme ve \u0130novasyon Eylem 1.1.2\u0130\u015fletmelerin teknolojik, stratejik, \u00f6rg\u00fctsel ve ticari inovasyonuna y\u00f6nelik hizmet al\u0131mlar\u0131n\u0131n desteklenmesi PROJEUNI EN ISO 14001\/2015 STANDARDINA G\u00d6RE \u00c7EVRE Y\u00d6NETI\u0307M SI\u0307STEMI\u0307NI\u0307N TANIMLANMASI VE UYGULANMASI VE \u00dcR\u00dcN YA\u015eAM D\u00d6NG\u00dcS\u00dc DE\u011eERLENDI\u0307RMESI\u0307 I\u0307\u00c7I\u0307N L.C.A. Y\u00d6NTEMI\u0307NI\u0307N UYGULANMASI A\u00c7IKLAMA Projenin amac\u0131, ulusal ve uluslararas\u0131 pazarlarda y\u0131llar i\u00e7inde elde [&hellip;]\" \/>\n<meta property=\"og:url\" content=\"https:\/\/www.tubitex.com\/tr\/por-fesr-veneto-bolgesi\/\" \/>\n<meta property=\"og:site_name\" content=\"Tubitex\" \/>\n<meta property=\"article:modified_time\" content=\"2025-01-14T11:07:38+00:00\" \/>\n<meta name=\"twitter:card\" content=\"summary_large_image\" \/>\n<meta name=\"twitter:label1\" content=\"Tahmini okuma s\u00fcresi\" \/>\n\t<meta name=\"twitter:data1\" content=\"3 dakika\" \/>\n<script type=\"application\/ld+json\" class=\"yoast-schema-graph\">{\"@context\":\"https:\/\/schema.org\",\"@graph\":[{\"@type\":\"WebPage\",\"@id\":\"https:\/\/www.tubitex.com\/tr\/por-fesr-veneto-bolgesi\/\",\"url\":\"https:\/\/www.tubitex.com\/tr\/por-fesr-veneto-bolgesi\/\",\"name\":\"Por Fesr Veneto B\u00f6lgesi - Tubitex\",\"isPartOf\":{\"@id\":\"https:\/\/www.tubitex.com\/tr\/#website\"},\"datePublished\":\"2023-09-12T10:18:13+00:00\",\"dateModified\":\"2025-01-14T11:07:38+00:00\",\"breadcrumb\":{\"@id\":\"https:\/\/www.tubitex.com\/tr\/por-fesr-veneto-bolgesi\/#breadcrumb\"},\"inLanguage\":\"tr\",\"potentialAction\":[{\"@type\":\"ReadAction\",\"target\":[\"https:\/\/www.tubitex.com\/tr\/por-fesr-veneto-bolgesi\/\"]}]},{\"@type\":\"BreadcrumbList\",\"@id\":\"https:\/\/www.tubitex.com\/tr\/por-fesr-veneto-bolgesi\/#breadcrumb\",\"itemListElement\":[{\"@type\":\"ListItem\",\"position\":1,\"name\":\"Home\",\"item\":\"https:\/\/www.tubitex.com\/tr\/anasayfa\/\"},{\"@type\":\"ListItem\",\"position\":2,\"name\":\"Por Fesr Veneto B\u00f6lgesi\"}]},{\"@type\":\"WebSite\",\"@id\":\"https:\/\/www.tubitex.com\/tr\/#website\",\"url\":\"https:\/\/www.tubitex.com\/tr\/\",\"name\":\"Tubitex\",\"description\":\"Produzione tubi in cartone, anime e bobine di carta\",\"potentialAction\":[{\"@type\":\"SearchAction\",\"target\":{\"@type\":\"EntryPoint\",\"urlTemplate\":\"https:\/\/www.tubitex.com\/tr\/?s={search_term_string}\"},\"query-input\":{\"@type\":\"PropertyValueSpecification\",\"valueRequired\":true,\"valueName\":\"search_term_string\"}}],\"inLanguage\":\"tr\"}]}<\/script>\n<!-- \/ Yoast SEO plugin. -->","yoast_head_json":{"title":"Por Fesr Veneto B\u00f6lgesi - Tubitex","robots":{"index":"index","follow":"follow","max-snippet":"max-snippet:-1","max-image-preview":"max-image-preview:large","max-video-preview":"max-video-preview:-1"},"canonical":"https:\/\/www.tubitex.com\/tr\/por-fesr-veneto-bolgesi\/","og_locale":"tr_TR","og_type":"article","og_title":"Por Fesr Veneto B\u00f6lgesi - Tubitex","og_description":"Bir f\u0131rsat \u00e7arpan\u0131. Ka\u00e7\u0131r\u0131lmamas\u0131 gereken. &nbsp; Eksen 1Ara\u015ft\u0131rma, Teknolojik Geli\u015ftirme ve \u0130novasyon Eylem 1.1.2\u0130\u015fletmelerin teknolojik, stratejik, \u00f6rg\u00fctsel ve ticari inovasyonuna y\u00f6nelik hizmet al\u0131mlar\u0131n\u0131n desteklenmesi PROJEUNI EN ISO 14001\/2015 STANDARDINA G\u00d6RE \u00c7EVRE Y\u00d6NETI\u0307M SI\u0307STEMI\u0307NI\u0307N TANIMLANMASI VE UYGULANMASI VE \u00dcR\u00dcN YA\u015eAM D\u00d6NG\u00dcS\u00dc DE\u011eERLENDI\u0307RMESI\u0307 I\u0307\u00c7I\u0307N L.C.A. Y\u00d6NTEMI\u0307NI\u0307N UYGULANMASI A\u00c7IKLAMA Projenin amac\u0131, ulusal ve uluslararas\u0131 pazarlarda y\u0131llar i\u00e7inde elde [&hellip;]","og_url":"https:\/\/www.tubitex.com\/tr\/por-fesr-veneto-bolgesi\/","og_site_name":"Tubitex","article_modified_time":"2025-01-14T11:07:38+00:00","twitter_card":"summary_large_image","twitter_misc":{"Tahmini okuma s\u00fcresi":"3 dakika"},"schema":{"@context":"https:\/\/schema.org","@graph":[{"@type":"WebPage","@id":"https:\/\/www.tubitex.com\/tr\/por-fesr-veneto-bolgesi\/","url":"https:\/\/www.tubitex.com\/tr\/por-fesr-veneto-bolgesi\/","name":"Por Fesr Veneto B\u00f6lgesi - Tubitex","isPartOf":{"@id":"https:\/\/www.tubitex.com\/tr\/#website"},"datePublished":"2023-09-12T10:18:13+00:00","dateModified":"2025-01-14T11:07:38+00:00","breadcrumb":{"@id":"https:\/\/www.tubitex.com\/tr\/por-fesr-veneto-bolgesi\/#breadcrumb"},"inLanguage":"tr","potentialAction":[{"@type":"ReadAction","target":["https:\/\/www.tubitex.com\/tr\/por-fesr-veneto-bolgesi\/"]}]},{"@type":"BreadcrumbList","@id":"https:\/\/www.tubitex.com\/tr\/por-fesr-veneto-bolgesi\/#breadcrumb","itemListElement":[{"@type":"ListItem","position":1,"name":"Home","item":"https:\/\/www.tubitex.com\/tr\/anasayfa\/"},{"@type":"ListItem","position":2,"name":"Por Fesr Veneto B\u00f6lgesi"}]},{"@type":"WebSite","@id":"https:\/\/www.tubitex.com\/tr\/#website","url":"https:\/\/www.tubitex.com\/tr\/","name":"Tubitex","description":"Produzione tubi in cartone, anime e bobine di carta","potentialAction":[{"@type":"SearchAction","target":{"@type":"EntryPoint","urlTemplate":"https:\/\/www.tubitex.com\/tr\/?s={search_term_string}"},"query-input":{"@type":"PropertyValueSpecification","valueRequired":true,"valueName":"search_term_string"}}],"inLanguage":"tr"}]}},"_links":{"self":[{"href":"https:\/\/www.tubitex.com\/tr\/wp-json\/wp\/v2\/pages\/9008","targetHints":{"allow":["GET"]}}],"collection":[{"href":"https:\/\/www.tubitex.com\/tr\/wp-json\/wp\/v2\/pages"}],"about":[{"href":"https:\/\/www.tubitex.com\/tr\/wp-json\/wp\/v2\/types\/page"}],"author":[{"embeddable":true,"href":"https:\/\/www.tubitex.com\/tr\/wp-json\/wp\/v2\/users\/1"}],"replies":[{"embeddable":true,"href":"https:\/\/www.tubitex.com\/tr\/wp-json\/wp\/v2\/comments?post=9008"}],"version-history":[{"count":5,"href":"https:\/\/www.tubitex.com\/tr\/wp-json\/wp\/v2\/pages\/9008\/revisions"}],"predecessor-version":[{"id":9015,"href":"https:\/\/www.tubitex.com\/tr\/wp-json\/wp\/v2\/pages\/9008\/revisions\/9015"}],"wp:attachment":[{"href":"https:\/\/www.tubitex.com\/tr\/wp-json\/wp\/v2\/media?parent=9008"}],"wp:term":[{"taxonomy":"category","embeddable":true,"href":"https:\/\/www.tubitex.com\/tr\/wp-json\/wp\/v2\/categories?post=9008"}],"curies":[{"name":"wp","href":"https:\/\/api.w.org\/{rel}","templated":true}]}}