{"id":8979,"date":"2023-09-22T09:19:52","date_gmt":"2023-09-22T09:19:52","guid":{"rendered":"https:\/\/www.tubitex.com\/veri-gizliligi-politikasi\/"},"modified":"2023-09-22T09:19:52","modified_gmt":"2023-09-22T09:19:52","slug":"veri-gizliligi-politikasi","status":"publish","type":"page","link":"https:\/\/www.tubitex.com\/tr\/veri-gizliligi-politikasi\/","title":{"rendered":"Veri gizlili\u011fi politikas\u0131"},"content":{"rendered":"<p>Bu dok\u00fcman Tubitex taraf\u0131ndan veri i\u015flemeye ili\u015fkin bilgileri ve veri i\u015flemede uygulanan genel politikay\u0131 i\u00e7ermektedir.<\/p>\n<h2>1. 2016\/679 say\u0131l\u0131 Avrupa T\u00fcz\u00fc\u011f\u00fc&#8217;n\u00fcn (GDPR) 13. Maddesi uyar\u0131nca bilgilendirme ve onay talebi  <\/h2>\n<p>GDPR&#8217;nin 13. Maddesi uyar\u0131nca, ar\u015fivlerimizdeki verilerin Veri Kontrol\u00f6r\u00fc Tubitex S.p.A. taraf\u0131ndan i\u015flenece\u011fini size bildiririz.<br \/>\nVeri i\u015fleyenlerin g\u00fcncel listesi Veri Kontrol\u00f6r\u00fcnden temin edilebilir. Veriler, i\u015f ili\u015fkisinin ve vergi d\u00fczenlemelerinden kaynaklanan y\u00fck\u00fcml\u00fcl\u00fcklerin y\u00f6netilmesi amac\u0131yla elektronik ve\/veya otomatik ara\u00e7lar kullan\u0131larak i\u015flenecektir. Yukar\u0131daki ama\u00e7lar i\u00e7in yetkilendirmeler zorunludur, bu t\u00fcr bir i\u015fleme olmadan talep edilen faaliyetlerin ger\u00e7ekle\u015ftirilmesi m\u00fcmk\u00fcn de\u011fildir. Verileriniz, yukar\u0131da a\u00e7\u0131klanan ama\u00e7lar\u0131n ger\u00e7ekle\u015ftirilmesi i\u00e7in i\u015flevsel olan konulara iletilebilir. \u0130\u015flemenin yasal dayana\u011f\u0131, yasal y\u00fck\u00fcml\u00fcl\u00fcklerin y\u00f6netimi ve i\u015f ili\u015fkisinin y\u00fcr\u00fct\u00fclmesi ile ba\u011flant\u0131l\u0131d\u0131r. Verilerinizin iptali veya kullan\u0131m\u0131na itiraz da dahil olmak \u00fczere GDPR&#8217;nin 15 &#8211; 22. maddeleri kapsam\u0131ndaki haklar\u0131n\u0131z\u0131 istedi\u011finiz zaman ileti\u015fime ge\u00e7erek kullanabilirsiniz: Viale del Lavoro 31, 36048 Barbarano Mossano (VI) adresinde kay\u0131tl\u0131 ofisi bulunan Tubitex S.p.A. ile privacy@tubitex.com posta kutusu arac\u0131l\u0131\u011f\u0131yla. Veriler, yasal y\u00fck\u00fcml\u00fcl\u00fckler taraf\u0131ndan \u00f6ng\u00f6r\u00fclen s\u00fcreler boyunca veya me\u015fru bir iptal talebine kadar ar\u015fivlerimizde saklanacakt\u0131r. \u0130\u015fleme ile ilgili \u015fikayetler yetkili Makama yap\u0131labilir: Garante sulla Protezione dei Dati personali, Piazza di Monte Citorio n. 121 00186 ROMA, Faks: (+39) 06.69677.3785, Telefon santrali: (+39) 06.696771, E-posta: garante@gpdp.it.   <\/p>\n<h2>2. Politikan\u0131n amac\u0131<\/h2>\n<p>Tubitex S.p.A., bundan b\u00f6yle &#8220;\u015eirket&#8221; olarak an\u0131lacakt\u0131r, faaliyet g\u00f6sterdi\u011fi \u00fclkelerde ki\u015fisel verilerin korunmas\u0131na ili\u015fkin y\u00fcr\u00fcrl\u00fckteki yasa ve y\u00f6netmeliklere uymay\u0131 taahh\u00fct eder. Bu prosed\u00fcr, \u015eirketin m\u00fc\u015fterilerin, tedarik\u00e7ilerin, i\u015f ortaklar\u0131n\u0131n, \u00e7al\u0131\u015fanlar\u0131n ve di\u011fer bireylerin ki\u015fisel verilerini hangi temel ilkelere g\u00f6re i\u015fledi\u011fini tan\u0131mlar ve ki\u015fisel verilerin i\u015flenmesinde departmanlar\u0131n\u0131n ve \u00e7al\u0131\u015fanlar\u0131n\u0131n sorumluluklar\u0131n\u0131 belirtir.<\/p>\n<h2>3. Normatif referanslar<\/h2>\n<p>GDPR 2016\/679 (Ki\u015fisel verilerin i\u015flenmesine ili\u015fkin olarak bireylerin korunmas\u0131 ve bu t\u00fcr verilerin serbest dola\u015f\u0131m\u0131na ili\u015fkin ve 95\/46\/EC say\u0131l\u0131 Direktifi y\u00fcr\u00fcrl\u00fckten kald\u0131ran 27 Nisan 2016 tarihli ve (AB) 2016\/679 say\u0131l\u0131 Avrupa Parlamentosu ve Konsey T\u00fcz\u00fc\u011f\u00fc) T\u00fcz\u00fc\u011f\u00fcn uygulanmas\u0131yla ilgili ulusal yasa veya y\u00f6netmelikler<\/p>\n<h2>4. Tan\u0131mlar<\/h2>\n<p>Bu belgede kullan\u0131lan tan\u0131mlar Avrupa T\u00fcz\u00fc\u011f\u00fc&#8217;n\u00fcn 4. Maddesinden al\u0131nm\u0131\u015ft\u0131r: &#8220;ki\u015fisel veri&#8221; tan\u0131mlanm\u0131\u015f veya tan\u0131mlanabilir bir ger\u00e7ek ki\u015fiye (&#8220;veri sahibi&#8221;) ili\u015fkin her t\u00fcrl\u00fc bilgi anlam\u0131na gelir; tan\u0131mlanabilir ki\u015fi, \u00f6zellikle bir isim, kimlik numaras\u0131, konum verileri, \u00e7evrimi\u00e7i bir tan\u0131mlay\u0131c\u0131 gibi bir tan\u0131mlay\u0131c\u0131ya veya fiziksel, fizyolojik, genetik, zihinsel, ekonomik, k\u00fclt\u00fcrel veya sosyal kimli\u011fine \u00f6zg\u00fc bir veya daha fazla fakt\u00f6re at\u0131fta bulunularak do\u011frudan veya dolayl\u0131 olarak tan\u0131mlanabilen ki\u015fidir; Hassas veri Do\u011fas\u0131 gere\u011fi temel hak ve \u00f6zg\u00fcrl\u00fckler bak\u0131m\u0131ndan \u00f6zellikle hassas olan ve i\u015flenmeleri ba\u011flam\u0131nda temel hak ve \u00f6zg\u00fcrl\u00fckler bak\u0131m\u0131ndan \u00f6nemli riskler yaratabilecek olmalar\u0131 nedeniyle \u00f6zel olarak korunmay\u0131 hak eden ki\u015fisel veriler. Bu ki\u015fisel veriler \u0131rk veya etnik k\u00f6ken, siyasi g\u00f6r\u00fc\u015fler, dini veya felsefi inan\u00e7lar, sendika \u00fcyeli\u011fi, genetik veriler, ger\u00e7ek bir ki\u015fiyi benzersiz bir \u015fekilde tan\u0131mlayan biyometrik veriler, sa\u011fl\u0131kla ilgili veriler veya bir ki\u015finin cinsel y\u00f6nelimiyle ilgili verileri ortaya koyan ki\u015fisel verileri i\u00e7erir. Veri kontrol\u00f6r\u00fc: ki\u015fisel verilerin i\u015flenme ama\u00e7lar\u0131n\u0131 ve ara\u00e7lar\u0131n\u0131 tek ba\u015f\u0131na veya ba\u015fkalar\u0131yla birlikte belirleyen ger\u00e7ek veya t\u00fczel ki\u015fi, kamu otoritesi, hizmet veya di\u011fer organ; Veri i\u015fleyen: veri kontrol\u00f6r\u00fc ad\u0131na ki\u015fisel verileri i\u015fleyen ger\u00e7ek veya t\u00fczel ki\u015fi, kamu otoritesi, hizmet veya di\u011fer organ; \u0130\u015fleme Toplama, kaydetme, d\u00fczenleme, yap\u0131land\u0131rma, depolama, uyarlama veya de\u011fi\u015ftirme, geri alma, dan\u0131\u015fma, kullanma, iletim yoluyla if\u015fa etme, yayma veya ba\u015fka bir \u015fekilde kullan\u0131ma sunma, hizalama veya birle\u015ftirme, k\u0131s\u0131tlama, silme veya imha gibi otomatik yollarla olsun veya olmas\u0131n ki\u015fisel veriler veya ki\u015fisel veri k\u00fcmeleri \u00fczerinde ger\u00e7ekle\u015ftirilen her t\u00fcrl\u00fc i\u015flem veya i\u015flemler dizisi; Anonim hale getirme: Ki\u015fisel verilerin, ki\u015finin teknoloji ile tespit edilemeyece\u011fi \u015fekilde ve makul bir s\u00fcre ve maliyet i\u00e7erisinde veri sorumlusu veya ba\u015fka bir ki\u015fi taraf\u0131ndan geri d\u00f6nd\u00fcr\u00fclemeyecek \u015fekilde kimliksizle\u015ftirilmesi. Ki\u015fisel veri i\u015fleme ilkeleri anonim veriler i\u00e7in ge\u00e7erli de\u011fildir \u00e7\u00fcnk\u00fc bunlar ki\u015fisel veri olarak kabul edilmez. Takma ad verme: ki\u015fisel verilerin, s\u00f6z konusu ek bilgilerin ayr\u0131 olarak saklanmas\u0131 ve s\u00f6z konusu ki\u015fisel verilerin tan\u0131mlanm\u0131\u015f veya tan\u0131mlanabilir bir ger\u00e7ek ki\u015fiye atfedilmemesini sa\u011flamak i\u00e7in teknik ve kurumsal tedbirlere tabi olmas\u0131 ko\u015fuluyla, ek bilgiler kullan\u0131lmadan belirli bir veri sahibiyle ili\u015fkilendirilemeyecek \u015fekilde i\u015flenmesi; takma ad verme, ki\u015fisel verilerin bir veri sahibiyle ili\u015fkilendirilmesi olas\u0131l\u0131\u011f\u0131n\u0131 azalt\u0131r, ancak tamamen ortadan kald\u0131rmaz. Takma adland\u0131rma s\u00fcrecinden ge\u00e7en verilerin hala ki\u015fisel veri oldu\u011fu g\u00f6z \u00f6n\u00fcnde bulunduruldu\u011funda, bu s\u00fcre\u00e7 ki\u015fisel veri i\u015fleme ilkelerine uygun olmal\u0131d\u0131r.<\/p>\n<p>S\u0131n\u0131r \u00f6tesi i\u015fleme: kontrol\u00f6r veya i\u015fleyicinin birden fazla \u00fcye devlette yerle\u015fik oldu\u011fu Birlik i\u00e7erisindeki bir kontrol\u00f6r veya i\u015fleyicinin birden fazla \u00fcye devletteki kurulu\u015flar\u0131n\u0131n faaliyetleri ba\u011flam\u0131nda ger\u00e7ekle\u015fen ki\u015fisel verilerin i\u015flenmesi; veya Birlik i\u00e7erisindeki bir kontrol\u00f6r veya i\u015fleyicinin tek bir kurulu\u015funun faaliyetleri ba\u011flam\u0131nda ger\u00e7ekle\u015fen ancak birden fazla \u00fcye devletteki veri sahiplerini \u00f6nemli \u00f6l\u00e7\u00fcde etkileyen veya etkilemesi muhtemel olan ki\u015fisel verilerin i\u015flenmesi; Denetim makam\u0131 bir \u00fcye devlet taraf\u0131ndan 51. madde uyar\u0131nca kurulan ba\u011f\u0131ms\u0131z kamu makam\u0131; Birincil denetim makam\u0131: bir veri sahibinin ki\u015fisel verilerinin i\u015flenmesine ili\u015fkin \u015fikayette bulunmas\u0131 gibi s\u0131n\u0131r \u00f6tesi bir veri i\u015fleme faaliyeti ile ilgilenmekten birincil derecede sorumlu olan denetim makam\u0131; di\u011ferlerinin yan\u0131 s\u0131ra, veri ihlali bildirimlerini almaktan, riskli veri i\u015fleme faaliyetleri hakk\u0131nda bilgilendirilmekten sorumludur ve GDPR h\u00fck\u00fcmlerine uygunlu\u011fun sa\u011flanmas\u0131na y\u00f6nelik y\u00fck\u00fcml\u00fcl\u00fckleri konusunda tam yetkiye sahip olacakt\u0131r; Her bir &#8216;yerel denetim makam\u0131&#8217; kendi b\u00f6lgesinde faaliyetlerini s\u00fcrd\u00fcrmeye devam edecek ve veri sahiplerini etkileyen ya da AB veya AB d\u0131\u015f\u0131 bir veri kontrol\u00f6r\u00fc veya i\u015fleyicisi taraf\u0131ndan ger\u00e7ekle\u015ftirilen ve kendi b\u00f6lgesinde ikamet eden veri sahiplerini hedef alan her t\u00fcrl\u00fc yerel veri i\u015fleme faaliyetini izleyecektir. G\u00f6rev ve yetkileri aras\u0131nda soru\u015fturmalar\u0131n y\u00fcr\u00fct\u00fclmesi ve idari tedbir ve yapt\u0131r\u0131mlar\u0131n uygulanmas\u0131, ki\u015fisel verilerin i\u015flenmesine ili\u015fkin riskler, kurallar, g\u00fcvenlik ve haklar konusunda genel d\u00fczeyde fark\u0131ndal\u0131\u011f\u0131n te\u015fvik edilmesi ve veri i\u015fleme ara\u00e7 ve gere\u00e7leri de dahil olmak \u00fczere kontrol\u00f6r ve i\u015fleyicinin t\u00fcm tesislerine eri\u015fim yer al\u0131r. As\u0131l kurulu\u015f: birden fazla \u00fcye devlette kurulu\u015flar\u0131 bulunan bir kontrol\u00f6r ile ilgili olarak, ki\u015fisel verilerin i\u015flenme ama\u00e7lar\u0131 ve ara\u00e7lar\u0131na ili\u015fkin kararlar\u0131n kontrol\u00f6r\u00fcn Birlik i\u00e7erisindeki ba\u015fka bir kurulu\u015funda al\u0131nmas\u0131 ve s\u00f6z konusu kurulu\u015fun bu kararlar\u0131n uygulanmas\u0131n\u0131 emretme yetkisine sahip olmas\u0131 haricinde, Birlik i\u00e7erisindeki merkezi idare yeri; bu durumda, s\u00f6z konusu kararlar\u0131 alan kurulu\u015f as\u0131l kurulu\u015f olarak kabul edilir; As\u0131l kurulu\u015f Birden fazla \u00fcye devlette i\u015fletmesi bulunan bir kontrol\u00f6re at\u0131fta bulunulmas\u0131 halinde, Birlik i\u00e7erisindeki merkezi idaresinin bulundu\u011fu yer veya kontrol\u00f6r\u00fcn Birlik i\u00e7erisinde bir merkezi idaresinin bulunmad\u0131\u011f\u0131 hallerde, kontrol\u00f6r\u00fcn bu T\u00fcz\u00fck kapsam\u0131ndaki belirli y\u00fck\u00fcml\u00fcl\u00fcklere tabi oldu\u011fu \u00f6l\u00e7\u00fcde, kontrol\u00f6r\u00fcn bir i\u015fletmesinin faaliyetleri ba\u011flam\u0131nda ana i\u015fleme faaliyetlerinin ger\u00e7ekle\u015ftirildi\u011fi Birlik i\u00e7erisindeki i\u015fletmesi; \u0130\u015fletme grubu: bir ana te\u015febb\u00fcs ve onun taraf\u0131ndan kontrol edilen te\u015febb\u00fcslerden olu\u015fan bir grup;<\/p>\n<h2>5. Ki\u015fisel veri i\u015flemenin temel ilkeleri<\/h2>\n<p>Veri koruma ilkeleri, ki\u015fisel verileri i\u015fleyen kurulu\u015flar i\u00e7in temel sorumluluklar\u0131n ana hatlar\u0131n\u0131 \u00e7izmektedir. T\u00fcz\u00fc\u011f\u00fcn 5(2) maddesi &#8216;kontrol\u00f6r\u00fcn bu ilkelerden sorumlu oldu\u011funu ve bu ilkelere uygunlu\u011fu g\u00f6stermesi gerekti\u011fini&#8217; belirtmektedir. <\/p>\n<h3>5.1. Legalit\u00e0, correttezza e trasparenza <\/h3>\n<p>Ki\u015fisel veriler, ilgili ki\u015fiye ili\u015fkin olarak hukuka uygun, adil ve \u015feffaf bir \u015fekilde i\u015flenmelidir.<\/p>\n<h3>5.2. Limitazione dello scopo <\/h3>\n<p>Ki\u015fisel veriler belirli, a\u00e7\u0131k ve me\u015fru ama\u00e7lar i\u00e7in toplanmal\u0131 ve bu ama\u00e7larla ba\u011fda\u015fmayacak \u015fekilde i\u015flenmemelidir.<\/p>\n<h3>5.3. Minimizzazione dei dati <\/h3>\n<p>Ki\u015fisel veriler yeterli, ilgili ve i\u015flendikleri ama\u00e7 i\u00e7in gerekli olanla s\u0131n\u0131rl\u0131 olmal\u0131d\u0131r. \u015eirket, veri sahiplerine y\u00f6nelik riskleri azaltmak i\u00e7in m\u00fcmk\u00fcnse ki\u015fisel verilere anonimle\u015ftirme veya takma adland\u0131rma uygulamal\u0131d\u0131r. <\/p>\n<h3>5.4. Precisione <\/h3>\n<p>Ki\u015fisel veriler do\u011fru olmal\u0131 ve gerekti\u011finde g\u00fcncel tutulmal\u0131d\u0131r; i\u015flendikleri ama\u00e7larla ilgili olarak yanl\u0131\u015f olan ki\u015fisel verilerin silinmesini veya zaman\u0131nda d\u00fczeltilmesini sa\u011flamak i\u00e7in makul ad\u0131mlar at\u0131lmal\u0131d\u0131r.<\/p>\n<h3>5.5. Limitazione del periodo di conservazione <\/h3>\n<p>Ki\u015fisel veriler, verilerin i\u015flenme ama\u00e7lar\u0131 i\u00e7in gerekli olandan daha uzun s\u00fcre saklanmamal\u0131d\u0131r.<\/p>\n<h3>5.6. Integrit\u00e0 e confidenzialit\u00e0 <\/h3>\n<p>Teknolojinin ve di\u011fer mevcut g\u00fcvenlik \u00f6nlemlerinin durumunu, uygulama maliyetlerini ve ki\u015fisel verilere y\u00f6nelik risklerin olas\u0131l\u0131\u011f\u0131n\u0131 ve ciddiyetini dikkate alarak, \u015eirket, ki\u015fisel verileri, kazara veya yasad\u0131\u015f\u0131 imha, kay\u0131p, de\u011fi\u015ftirme veya if\u015fa veya yetkisiz eri\u015fime kar\u015f\u0131 koruma dahil olmak \u00fczere ki\u015fisel verilerin yeterli g\u00fcvenli\u011fini sa\u011flayacak \u015fekilde i\u015flemek i\u00e7in uygun teknik veya organizasyonel \u00f6nlemleri kullanacakt\u0131r.<\/p>\n<h3>5.7. Responsabilit\u00e0 <\/h3>\n<p>Veri sorumlular\u0131 yukar\u0131da a\u00e7\u0131klanan ilkelere uygunlu\u011fun g\u00f6sterilmesinden sorumludur.<\/p>\n<h2>6. Veri koruman\u0131n i\u015f faaliyetlerine entegre edilmesi<\/h2>\n<p>Veri koruma ilkelerine uyuldu\u011funu g\u00f6stermek i\u00e7in kurulu\u015fun veri korumay\u0131 i\u015f faaliyetlerine entegre etmesi gerekir.<\/p>\n<h3>6.1. Informativa agli interessati <\/h3>\n<p>(Do\u011fru Kullan\u0131m K\u0131lavuzlar\u0131 b\u00f6l\u00fcm\u00fcne bak\u0131n\u0131z)<\/p>\n<h3>6.2. Scelta e consenso dell\u2019interessato <\/h3>\n<p>(Do\u011fru Kullan\u0131m K\u0131lavuzlar\u0131 b\u00f6l\u00fcm\u00fcne bak\u0131n\u0131z)<\/p>\n<h3>6.3. Raccolta <\/h3>\n<p>\u015eirket m\u00fcmk\u00fcn oldu\u011funca az ki\u015fisel veri toplamak i\u00e7in \u00e7aba g\u00f6stermelidir. Ki\u015fisel verilerin \u00fc\u00e7\u00fcnc\u00fc bir taraf\u00e7a toplanmas\u0131 halinde, Kontrol\u00f6r ki\u015fisel verilerin yasalara uygun olarak toplanmas\u0131n\u0131 sa\u011flamal\u0131d\u0131r. <\/p>\n<h3>6.4. Utilizzo, conservazione e smaltimento <\/h3>\n<p>Ki\u015fisel verilerin i\u015flenme ama\u00e7lar\u0131, y\u00f6ntemleri, saklama s\u0131n\u0131rlar\u0131 ve saklama s\u00fcreleri Genel Veri Koruma Bildirimi&#8217;nde yer alan bilgilerle tutarl\u0131 olmal\u0131d\u0131r. \u015eirket, ki\u015fisel verilerin do\u011frulu\u011funu, b\u00fct\u00fcnl\u00fc\u011f\u00fcn\u00fc, gizlili\u011fini ve i\u015fleme amac\u0131na uygunlu\u011funu korumal\u0131d\u0131r. Ki\u015fisel verileri h\u0131rs\u0131zl\u0131\u011fa veya k\u00f6t\u00fcye kullan\u0131ma kar\u015f\u0131 korumak ve ki\u015fisel veri ihlallerini \u00f6nlemek i\u00e7in yeterli g\u00fcvenlik mekanizmalar\u0131 kullan\u0131lmal\u0131d\u0131r. Kontrol\u00f6r, bu b\u00f6l\u00fcmde listelenen gerekliliklere uymaktan sorumludur.<\/p>\n<h3>6.5. Divulgazione a terzi <\/h3>\n<p>\u015eirket, kendi ad\u0131na ki\u015fisel verileri i\u015flemek i\u00e7in \u00fc\u00e7\u00fcnc\u00fc taraf bir sat\u0131c\u0131 veya i\u015f orta\u011f\u0131 kulland\u0131\u011f\u0131nda, gizlilik sorumlusu bu i\u015fleyicinin ilgili risklere uygun ki\u015fisel verileri korumak i\u00e7in g\u00fcvenlik \u00f6nlemleri sa\u011flad\u0131\u011f\u0131ndan emin olmal\u0131d\u0131r. Bu ama\u00e7la, bir uyum anketi kullan\u0131lmal\u0131d\u0131r. \u015eirket, tedarik\u00e7i veya i\u015f orta\u011f\u0131n\u0131n da ayn\u0131 d\u00fczeyde veri korumas\u0131 sa\u011flamas\u0131n\u0131 s\u00f6zle\u015fmeyle \u015fart ko\u015fmal\u0131d\u0131r. Tedarik\u00e7i veya i\u015f orta\u011f\u0131 ki\u015fisel verileri yaln\u0131zca \u015eirkete kar\u015f\u0131 s\u00f6zle\u015fmeden do\u011fan y\u00fck\u00fcml\u00fcl\u00fcklerini yerine getirmek i\u00e7in veya \u015eirketin talimatlar\u0131 do\u011frultusunda i\u015flemeli ve ba\u015fka herhangi bir ama\u00e7 i\u00e7in i\u015flememelidir. \u015eirket ki\u015fisel verileri ba\u011f\u0131ms\u0131z bir \u00fc\u00e7\u00fcnc\u00fc tarafla ortakla\u015fa i\u015fledi\u011finde, \u015eirket ilgili sorumluluklar\u0131 ve \u00fc\u00e7\u00fcnc\u00fc taraf\u0131 ilgili s\u00f6zle\u015fmede veya Tedarik\u00e7i Veri \u0130\u015fleme S\u00f6zle\u015fmesi gibi yasal olarak ba\u011flay\u0131c\u0131 ba\u015fka bir belgede a\u00e7\u0131k\u00e7a belirtmelidir. <\/p>\n<h3>6.6. Trasferimento transfrontaliero dei dati personali <\/h3>\n<p>Ki\u015fisel verilerin Avrupa Ekonomik Alan\u0131&#8217;ndan (EEA) aktar\u0131lmas\u0131ndan \u00f6nce, Avrupa Birli\u011fi&#8217;nin gerektirdi\u011fi \u015fekilde bir veri aktar\u0131m anla\u015fmas\u0131n\u0131n imzalanmas\u0131 da dahil olmak \u00fczere uygun \u00f6nlemler kullan\u0131lmal\u0131 ve gerekirse veri koruma makam\u0131ndan izin al\u0131nmal\u0131d\u0131r. Ki\u015fisel verileri alan kurulu\u015f, S\u0131n\u0131r \u00d6tesi Veri Transferi Prosed\u00fcr\u00fcnde belirtilen ki\u015fisel veri i\u015fleme ilkelerine uymal\u0131d\u0131r. <\/p>\n<h3>6.7. Diritti di accesso degli interessati <\/h3>\n<p>Bir veri kontrol\u00f6r\u00fc olarak hareket ederken, \u015firketin veri sahiplerine ki\u015fisel verilerine eri\u015fmelerine olanak tan\u0131yan makul bir eri\u015fim mekanizmas\u0131 sa\u011flamas\u0131 ve uygunsa veya yasalar gerektiriyorsa ki\u015fisel verilerini g\u00fcncellemelerine, d\u00fczeltmelerine, silmelerine veya iletmelerine izin vermesi gerekir. Eri\u015fim mekanizmas\u0131 Veri Sahibi Eri\u015fim Talebi Prosed\u00fcr\u00fcnde daha ayr\u0131nt\u0131l\u0131 olarak a\u00e7\u0131klanacakt\u0131r. <\/p>\n<h3>6.8. Portabilit\u00e0 dei dati <\/h3>\n<p>Veri sahipleri, talep \u00fczerine, sa\u011flad\u0131klar\u0131 verilerin bir kopyas\u0131n\u0131 yap\u0131land\u0131r\u0131lm\u0131\u015f bir formatta alma ve bu verileri ba\u015fka bir veri kontrol\u00f6r\u00fcne \u00fccretsiz olarak iletme hakk\u0131na sahiptir. veri kontrol\u00f6r\u00fc, bu t\u00fcr taleplerin bir ay i\u00e7inde i\u015flenmesini, a\u015f\u0131r\u0131 olmamas\u0131n\u0131 ve di\u011fer ki\u015filerin ki\u015fisel veri haklar\u0131n\u0131 etkilememesini sa\u011flamaktan sorumludur. <\/p>\n<h3>6.9. Diritto all\u2019oblio <\/h3>\n<p>Talep \u00fczerine, ilgili ki\u015fi \u015firketten ki\u015fisel verilerinin silinmesini talep etme hakk\u0131na sahiptir. \u015eirket veri kontrol\u00f6r\u00fc olarak hareket etti\u011finde, gizlilik sorumlusu, bu verileri kullanan veya i\u015fleyen \u00fc\u00e7\u00fcnc\u00fc taraflar\u0131 talebe uymalar\u0131 konusunda bilgilendirmek i\u00e7in gerekli ad\u0131mlar\u0131 (teknik \u00f6nlemler dahil) atmal\u0131d\u0131r. <\/p>\n<h2>7. Uygun tedaviye ili\u015fkin k\u0131lavuzlar<\/h2>\n<p>Ki\u015fisel veriler yaln\u0131zca veri sorumlusu taraf\u0131ndan a\u00e7\u0131k\u00e7a yetkilendirilmi\u015fse i\u015flenebilir. \u015eirket, Veri Koruma Etki De\u011ferlendirmesi K\u0131lavuzunda tan\u0131mland\u0131\u011f\u0131 \u015fekilde her bir veri i\u015fleme faaliyeti i\u00e7in bir veri koruma etki de\u011ferlendirmesi ger\u00e7ekle\u015ftirip ger\u00e7ekle\u015ftirmeyece\u011fine karar vermelidir.<\/p>\n<h3>7.1. Informativa agli interessati <\/h3>\n<p>\u00dcr\u00fcnlerin, hizmetlerin veya pazarlama faaliyetlerinin sat\u0131\u015f\u0131 dahil ancak bunlarla s\u0131n\u0131rl\u0131 olmamak \u00fczere her t\u00fcrl\u00fc i\u015fleme faaliyeti i\u00e7in ki\u015fisel veriler toplan\u0131rken veya toplanmadan \u00f6nce, Kontrol\u00f6r veri sahiplerini a\u015fa\u011f\u0131dakiler hakk\u0131nda yeterince bilgilendirmekten sorumludur: toplanan ki\u015fisel verilerin t\u00fcr\u00fc, i\u015fleme ama\u00e7lar\u0131, i\u015fleme y\u00f6ntemleri, veri sahiplerinin ki\u015fisel verileriyle ilgili haklar\u0131, saklama s\u00fcresi, potansiyel uluslararas\u0131 veri aktar\u0131mlar\u0131, verilerin \u00fc\u00e7\u00fcnc\u00fc taraflarla payla\u015f\u0131l\u0131p payla\u015f\u0131lmayaca\u011f\u0131 ve \u015eirketin ki\u015fisel verileri korumaya y\u00f6nelik g\u00fcvenlik \u00f6nlemleri. Bu bilgiler genel bir veri koruma bildirimi arac\u0131l\u0131\u011f\u0131yla sa\u011flan\u0131r. \u015eirketin birden fazla veri i\u015fleme faaliyeti varsa, farkl\u0131 a\u00e7\u0131klamalar\u0131n geli\u015ftirilmesi gerekecektir ve bunlar i\u015fleme faaliyetine ve toplanan ki\u015fisel veri kategorilerine ba\u011fl\u0131 olarak farkl\u0131 olacakt\u0131r, \u00f6rne\u011fin, e-posta ile postalama i\u00e7in bir a\u00e7\u0131klama ve normal posta ile postalama i\u00e7in farkl\u0131 bir a\u00e7\u0131klama yaz\u0131labilir. Ki\u015fisel verilerin \u00fc\u00e7\u00fcnc\u00fc taraflarla payla\u015f\u0131ld\u0131\u011f\u0131 durumlarda, Kontrol\u00f6r veri sahiplerinin genel bir veri koruma bildirimi arac\u0131l\u0131\u011f\u0131yla bu konuda bilgilendirilmesini sa\u011flamal\u0131d\u0131r. Ki\u015fisel verilerin s\u0131n\u0131r \u00f6tesi veri aktar\u0131m politikas\u0131 kapsam\u0131nda \u00fc\u00e7\u00fcnc\u00fc bir \u00fclkeye aktar\u0131ld\u0131\u011f\u0131 durumlarda, genel veri koruma bildirimi bunu belirtmeli ve ki\u015fisel verilerin nereye ve hangi kurulu\u015fa aktar\u0131ld\u0131\u011f\u0131n\u0131 a\u00e7\u0131k\u00e7a belirtmelidir. Hassas ki\u015fisel verilerin topland\u0131\u011f\u0131 durumlarda, Gizlilik G\u00f6revlisi genel veri koruma bildiriminin s\u00f6z konusu hassas verilerin toplanma amac\u0131n\u0131 a\u00e7\u0131k\u00e7a belirtmesini sa\u011flamal\u0131d\u0131r. <\/p>\n<h3>7.2. Ottenimento dei consensi <\/h3>\n<p>Ki\u015fisel verilerin i\u015flenmesi veri sahibinin r\u0131zas\u0131na veya di\u011fer me\u015fru gerek\u00e7elere dayand\u0131\u011f\u0131nda, Kontrol\u00f6r bu r\u0131zan\u0131n kayd\u0131n\u0131 tutmakla sorumludur. Kontrol\u00f6r, veri sahiplerine r\u0131za vermeleri i\u00e7in farkl\u0131 se\u00e7enekler sunmaktan sorumludur ve r\u0131zalar\u0131n\u0131n (i\u015fleme i\u00e7in yasal bir dayanak olarak kullan\u0131ld\u0131\u011f\u0131nda) herhangi bir zamanda geri \u00e7ekilebilece\u011fini bildirmeli ve sa\u011flamal\u0131d\u0131r. Ki\u015fisel veri kay\u0131tlar\u0131n\u0131n d\u00fczeltilmesi, de\u011fi\u015ftirilmesi veya imha edilmesi talep edildi\u011finde, Gizlilik \u0130rtibat Ki\u015fisi bu t\u00fcr taleplerin makul bir s\u00fcre i\u00e7erisinde ele al\u0131nmas\u0131n\u0131 sa\u011flamal\u0131d\u0131r. Gizlilik \u0130rtibat Ki\u015fisi ayr\u0131ca talepleri kaydetmeli ve uygun bir g\u00fcnl\u00fck tutmal\u0131d\u0131r. Ki\u015fisel veriler yaln\u0131zca ba\u015flang\u0131\u00e7ta topland\u0131klar\u0131 ama\u00e7 i\u00e7in i\u015flenmelidir. \u015eirketin ba\u015fka bir ama\u00e7 i\u00e7in toplanan ki\u015fisel verileri i\u015flemek istemesi durumunda, \u015eirket veri sahiplerinden a\u00e7\u0131k ve \u00f6z bir \u015fekilde yaz\u0131l\u0131 olarak onay talep etmelidir. Bu t\u00fcr bir talep, verilerin topland\u0131\u011f\u0131 orijinal amac\u0131 ve ayr\u0131ca yeni veya ek ama\u00e7lar\u0131 i\u00e7ermelidir. Talep ayr\u0131ca ama\u00e7(lar)\u0131n de\u011fi\u015ftirilme nedenini de i\u00e7ermelidir. Gizlilik \u0130rtibat Ki\u015fisi bu paragraftaki kurallara uyulmas\u0131ndan sorumludur. \u015eimdi ve gelecekte, Gizlilik \u0130rtibat Ki\u015fisi toplama y\u00f6ntemlerinin yasalara, iyi uygulamalara ve ilgili end\u00fcstri standartlar\u0131na uygun olmas\u0131n\u0131 sa\u011flamal\u0131d\u0131r. Gizlilik \u0130rtibat Ki\u015fisi, genel veri koruma bildirimlerinin bir kayd\u0131n\u0131n olu\u015fturulmas\u0131ndan ve s\u00fcrd\u00fcr\u00fclmesinden sorumludur. <\/p>\n<h2>8. Veri ihlali olaylar\u0131na m\u00fcdahale<\/h2>\n<p>\u015eirket \u015f\u00fcpheli veya ger\u00e7ek bir ki\u015fisel veri ihlalinden haberdar oldu\u011funda, Gizlilik G\u00f6revlisi bir i\u00e7 soru\u015fturma y\u00fcr\u00fctmeli ve veri ihlali prosed\u00fcr\u00fcne uygun olarak zaman\u0131nda uygun \u00f6nlemleri almal\u0131d\u0131r. Veri sahiplerinin hak ve \u00f6zg\u00fcrl\u00fcklerine y\u00f6nelik herhangi bir tehdit s\u00f6z konusuysa, \u015firket gecikmeksizin ve m\u00fcmk\u00fcnse 72 saat i\u00e7inde veri koruma yetkililerini bilgilendirmelidir. <\/p>\n","protected":false},"excerpt":{"rendered":"<p>Bu dok\u00fcman Tubitex taraf\u0131ndan veri i\u015flemeye ili\u015fkin bilgileri ve veri i\u015flemede uygulanan genel politikay\u0131 i\u00e7ermektedir. 1. 2016\/679 say\u0131l\u0131 Avrupa T\u00fcz\u00fc\u011f\u00fc&#8217;n\u00fcn (GDPR) 13. Maddesi uyar\u0131nca bilgilendirme ve onay talebi GDPR&#8217;nin 13. Maddesi uyar\u0131nca, ar\u015fivlerimizdeki verilerin Veri Kontrol\u00f6r\u00fc Tubitex S.p.A. taraf\u0131ndan i\u015flenece\u011fini size bildiririz. Veri i\u015fleyenlerin g\u00fcncel listesi Veri Kontrol\u00f6r\u00fcnden temin edilebilir. Veriler, i\u015f ili\u015fkisinin ve vergi [&hellip;]<\/p>\n","protected":false},"author":1,"featured_media":0,"parent":0,"menu_order":0,"comment_status":"closed","ping_status":"closed","template":"page-standard.php","meta":{"_acf_changed":false,"_et_pb_use_builder":"","_et_pb_old_content":"","_et_gb_content_width":"","inline_featured_image":false,"footnotes":""},"categories":[],"class_list":["post-8979","page","type-page","status-publish","hentry"],"acf":[],"yoast_head":"<!-- This site is optimized with the Yoast SEO plugin v27.1.1 - https:\/\/yoast.com\/product\/yoast-seo-wordpress\/ -->\n<title>Veri gizlili\u011fi politikas\u0131 - Tubitex<\/title>\n<meta name=\"robots\" content=\"index, follow, max-snippet:-1, max-image-preview:large, max-video-preview:-1\" \/>\n<link rel=\"canonical\" href=\"https:\/\/www.tubitex.com\/tr\/veri-gizliligi-politikasi\/\" \/>\n<meta property=\"og:locale\" content=\"tr_TR\" \/>\n<meta property=\"og:type\" content=\"article\" \/>\n<meta property=\"og:title\" content=\"Veri gizlili\u011fi politikas\u0131 - Tubitex\" \/>\n<meta property=\"og:description\" content=\"Bu dok\u00fcman Tubitex taraf\u0131ndan veri i\u015flemeye ili\u015fkin bilgileri ve veri i\u015flemede uygulanan genel politikay\u0131 i\u00e7ermektedir. 1. 2016\/679 say\u0131l\u0131 Avrupa T\u00fcz\u00fc\u011f\u00fc&#8217;n\u00fcn (GDPR) 13. Maddesi uyar\u0131nca bilgilendirme ve onay talebi GDPR&#8217;nin 13. Maddesi uyar\u0131nca, ar\u015fivlerimizdeki verilerin Veri Kontrol\u00f6r\u00fc Tubitex S.p.A. taraf\u0131ndan i\u015flenece\u011fini size bildiririz. Veri i\u015fleyenlerin g\u00fcncel listesi Veri Kontrol\u00f6r\u00fcnden temin edilebilir. Veriler, i\u015f ili\u015fkisinin ve vergi [&hellip;]\" \/>\n<meta property=\"og:url\" content=\"https:\/\/www.tubitex.com\/tr\/veri-gizliligi-politikasi\/\" \/>\n<meta property=\"og:site_name\" content=\"Tubitex\" \/>\n<meta name=\"twitter:card\" content=\"summary_large_image\" \/>\n<meta name=\"twitter:label1\" content=\"Tahmini okuma s\u00fcresi\" \/>\n\t<meta name=\"twitter:data1\" content=\"15 dakika\" \/>\n<script type=\"application\/ld+json\" class=\"yoast-schema-graph\">{\"@context\":\"https:\/\/schema.org\",\"@graph\":[{\"@type\":\"WebPage\",\"@id\":\"https:\/\/www.tubitex.com\/tr\/veri-gizliligi-politikasi\/\",\"url\":\"https:\/\/www.tubitex.com\/tr\/veri-gizliligi-politikasi\/\",\"name\":\"Veri gizlili\u011fi politikas\u0131 - Tubitex\",\"isPartOf\":{\"@id\":\"https:\/\/www.tubitex.com\/tr\/#website\"},\"datePublished\":\"2023-09-22T09:19:52+00:00\",\"breadcrumb\":{\"@id\":\"https:\/\/www.tubitex.com\/tr\/veri-gizliligi-politikasi\/#breadcrumb\"},\"inLanguage\":\"tr\",\"potentialAction\":[{\"@type\":\"ReadAction\",\"target\":[\"https:\/\/www.tubitex.com\/tr\/veri-gizliligi-politikasi\/\"]}]},{\"@type\":\"BreadcrumbList\",\"@id\":\"https:\/\/www.tubitex.com\/tr\/veri-gizliligi-politikasi\/#breadcrumb\",\"itemListElement\":[{\"@type\":\"ListItem\",\"position\":1,\"name\":\"Home\",\"item\":\"https:\/\/www.tubitex.com\/tr\/anasayfa\/\"},{\"@type\":\"ListItem\",\"position\":2,\"name\":\"Veri gizlili\u011fi politikas\u0131\"}]},{\"@type\":\"WebSite\",\"@id\":\"https:\/\/www.tubitex.com\/tr\/#website\",\"url\":\"https:\/\/www.tubitex.com\/tr\/\",\"name\":\"Tubitex\",\"description\":\"Produzione tubi in cartone, anime e bobine di carta\",\"potentialAction\":[{\"@type\":\"SearchAction\",\"target\":{\"@type\":\"EntryPoint\",\"urlTemplate\":\"https:\/\/www.tubitex.com\/tr\/?s={search_term_string}\"},\"query-input\":{\"@type\":\"PropertyValueSpecification\",\"valueRequired\":true,\"valueName\":\"search_term_string\"}}],\"inLanguage\":\"tr\"}]}<\/script>\n<!-- \/ Yoast SEO plugin. -->","yoast_head_json":{"title":"Veri gizlili\u011fi politikas\u0131 - Tubitex","robots":{"index":"index","follow":"follow","max-snippet":"max-snippet:-1","max-image-preview":"max-image-preview:large","max-video-preview":"max-video-preview:-1"},"canonical":"https:\/\/www.tubitex.com\/tr\/veri-gizliligi-politikasi\/","og_locale":"tr_TR","og_type":"article","og_title":"Veri gizlili\u011fi politikas\u0131 - Tubitex","og_description":"Bu dok\u00fcman Tubitex taraf\u0131ndan veri i\u015flemeye ili\u015fkin bilgileri ve veri i\u015flemede uygulanan genel politikay\u0131 i\u00e7ermektedir. 1. 2016\/679 say\u0131l\u0131 Avrupa T\u00fcz\u00fc\u011f\u00fc&#8217;n\u00fcn (GDPR) 13. Maddesi uyar\u0131nca bilgilendirme ve onay talebi GDPR&#8217;nin 13. Maddesi uyar\u0131nca, ar\u015fivlerimizdeki verilerin Veri Kontrol\u00f6r\u00fc Tubitex S.p.A. taraf\u0131ndan i\u015flenece\u011fini size bildiririz. Veri i\u015fleyenlerin g\u00fcncel listesi Veri Kontrol\u00f6r\u00fcnden temin edilebilir. Veriler, i\u015f ili\u015fkisinin ve vergi [&hellip;]","og_url":"https:\/\/www.tubitex.com\/tr\/veri-gizliligi-politikasi\/","og_site_name":"Tubitex","twitter_card":"summary_large_image","twitter_misc":{"Tahmini okuma s\u00fcresi":"15 dakika"},"schema":{"@context":"https:\/\/schema.org","@graph":[{"@type":"WebPage","@id":"https:\/\/www.tubitex.com\/tr\/veri-gizliligi-politikasi\/","url":"https:\/\/www.tubitex.com\/tr\/veri-gizliligi-politikasi\/","name":"Veri gizlili\u011fi politikas\u0131 - Tubitex","isPartOf":{"@id":"https:\/\/www.tubitex.com\/tr\/#website"},"datePublished":"2023-09-22T09:19:52+00:00","breadcrumb":{"@id":"https:\/\/www.tubitex.com\/tr\/veri-gizliligi-politikasi\/#breadcrumb"},"inLanguage":"tr","potentialAction":[{"@type":"ReadAction","target":["https:\/\/www.tubitex.com\/tr\/veri-gizliligi-politikasi\/"]}]},{"@type":"BreadcrumbList","@id":"https:\/\/www.tubitex.com\/tr\/veri-gizliligi-politikasi\/#breadcrumb","itemListElement":[{"@type":"ListItem","position":1,"name":"Home","item":"https:\/\/www.tubitex.com\/tr\/anasayfa\/"},{"@type":"ListItem","position":2,"name":"Veri gizlili\u011fi politikas\u0131"}]},{"@type":"WebSite","@id":"https:\/\/www.tubitex.com\/tr\/#website","url":"https:\/\/www.tubitex.com\/tr\/","name":"Tubitex","description":"Produzione tubi in cartone, anime e bobine di carta","potentialAction":[{"@type":"SearchAction","target":{"@type":"EntryPoint","urlTemplate":"https:\/\/www.tubitex.com\/tr\/?s={search_term_string}"},"query-input":{"@type":"PropertyValueSpecification","valueRequired":true,"valueName":"search_term_string"}}],"inLanguage":"tr"}]}},"_links":{"self":[{"href":"https:\/\/www.tubitex.com\/tr\/wp-json\/wp\/v2\/pages\/8979","targetHints":{"allow":["GET"]}}],"collection":[{"href":"https:\/\/www.tubitex.com\/tr\/wp-json\/wp\/v2\/pages"}],"about":[{"href":"https:\/\/www.tubitex.com\/tr\/wp-json\/wp\/v2\/types\/page"}],"author":[{"embeddable":true,"href":"https:\/\/www.tubitex.com\/tr\/wp-json\/wp\/v2\/users\/1"}],"replies":[{"embeddable":true,"href":"https:\/\/www.tubitex.com\/tr\/wp-json\/wp\/v2\/comments?post=8979"}],"version-history":[{"count":0,"href":"https:\/\/www.tubitex.com\/tr\/wp-json\/wp\/v2\/pages\/8979\/revisions"}],"wp:attachment":[{"href":"https:\/\/www.tubitex.com\/tr\/wp-json\/wp\/v2\/media?parent=8979"}],"wp:term":[{"taxonomy":"category","embeddable":true,"href":"https:\/\/www.tubitex.com\/tr\/wp-json\/wp\/v2\/categories?post=8979"}],"curies":[{"name":"wp","href":"https:\/\/api.w.org\/{rel}","templated":true}]}}