{"id":8901,"date":"2023-09-12T10:18:13","date_gmt":"2023-09-12T10:18:13","guid":{"rendered":"https:\/\/www.tubitex.com\/por-fesr-regiao-do-veneto\/"},"modified":"2025-01-07T08:40:04","modified_gmt":"2025-01-07T08:40:04","slug":"por-fesr-regiao-do-veneto","status":"publish","type":"page","link":"https:\/\/www.tubitex.com\/pt-pt\/por-fesr-regiao-do-veneto\/","title":{"rendered":"Por Fesr Regi\u00e3o do Veneto"},"content":{"rendered":"<p>[et_pb_section fb_built=&#8221;1&#8243; _builder_version=&#8221;4.17.4&#8243; _module_preset=&#8221;default&#8221; global_colors_info=&#8221;{}&#8221;][et_pb_row column_structure=&#8221;1_2,1_2&#8243; _builder_version=&#8221;4.17.4&#8243; _module_preset=&#8221;default&#8221; hover_enabled=&#8221;0&#8243; global_colors_info=&#8221;{}&#8221; sticky_enabled=&#8221;0&#8243;][et_pb_column type=&#8221;1_2&#8243; _builder_version=&#8221;4.17.4&#8243; _module_preset=&#8221;default&#8221; global_colors_info=&#8221;{}&#8221;][et_pb_image src=&#8221;https:\/\/www.tubitex.com\/wp-content\/uploads\/2023\/05\/logo-pro-fesr-regione-veneto.png&#8221; title_text=&#8221;log\u00f3tipo-pro-fesr-regi\u00e3o-veneto&#8221; _builder_version=&#8221;4.17.4&#8243; _module_preset=&#8221;default&#8221; hover_enabled=&#8221;0&#8243; global_colors_info=&#8221;{}&#8221; align=&#8221;center&#8221; sticky_enabled=&#8221;0&#8243;][\/et_pb_image][\/et_pb_column][et_pb_column type=&#8221;1_2&#8243; _builder_version=&#8221;4.17.4&#8243; _module_preset=&#8221;default&#8221; hover_enabled=&#8221;0&#8243; global_colors_info=&#8221;{}&#8221; sticky_enabled=&#8221;0&#8243;][et_pb_image src=&#8221;https:\/\/www.tubitex.com\/wp-content\/uploads\/\/logo.svg&#8221; title_text=&#8221;log\u00f3tipo&#8221; _builder_version=&#8221;4.17.4&#8243; _module_preset=&#8221;default&#8221; hover_enabled=&#8221;0&#8243; global_colors_info=&#8221;{}&#8221; align=&#8221;center&#8221; sticky_enabled=&#8221;0&#8243;][\/et_pb_image][\/et_pb_column][\/et_pb_row][et_pb_row _builder_version=&#8221;4.17.4&#8243; _module_preset=&#8221;default&#8221; global_colors_info=&#8221;{}&#8221;][et_pb_column type=&#8221;4_4&#8243; _builder_version=&#8221;4.17.4&#8243; _module_preset=&#8221;default&#8221; global_colors_info=&#8221;{}&#8221;][et_pb_text _builder_version=&#8221;4.17.4&#8243; _module_preset=&#8221;default&#8221; global_colors_info=&#8221;{}&#8221;]<\/p>\n<h2>Um multiplicador de oportunidades. A n\u00e3o perder. <\/h2>\n<p>[\/et_pb_text][\/et_pb_column][\/et_pb_row][et_pb_row _builder_version=&#8221;4.17.4&#8243; _module_preset=&#8221;default&#8221; global_colors_info=&#8221;{}&#8221;][et_pb_column type=&#8221;4_4&#8243; _builder_version=&#8221;4.17.4&#8243; _module_preset=&#8221;default&#8221; global_colors_info=&#8221;{}&#8221;][et_pb_text _builder_version=&#8221;4.17.4&#8243; _module_preset=&#8221;default&#8221; global_colors_info=&#8221;{}&#8221;]<\/p>\n<p>&nbsp;<\/p>\n<table class=\" alignleft\" width=\"100%\">\n<tbody>\n<tr>\n<td>Eixo 1<\/td>\n<td>Investiga\u00e7\u00e3o, desenvolvimento tecnol\u00f3gico e inova\u00e7\u00e3o<\/td>\n<\/tr>\n<tr>\n<td>A\u00e7\u00e3o 1.1.2<\/td>\n<td>Apoio \u00e0 aquisi\u00e7\u00e3o de servi\u00e7os para a inova\u00e7\u00e3o tecnol\u00f3gica, estrat\u00e9gica, organizacional e comercial das empresas<\/td>\n<\/tr>\n<tr>\n<td>PROJECTO<\/td>\n<td>DEFINI\u00c7\u00c3O E IMPLEMENTA\u00c7\u00c3O DO SISTEMA DE GEST\u00c3O AMBIENTAL SEGUNDO A NORMA UNI EN ISO 14001\/2015 E APLICA\u00c7\u00c3O DO M\u00c9TODO L.C.A. PARA AVALIA\u00c7\u00c3O DO CICLO DE VIDA DO PRODUTO<\/td>\n<\/tr>\n<tr>\n<td>DESCRI\u00c7\u00c3O<\/td>\n<td>O objetivo do projeto \u00e9 consolidar e refor\u00e7ar a posi\u00e7\u00e3o obtida ao longo dos anos nos mercados nacional e internacional.<\/p>\n<p>Em particular, a empresa pretende: &#8211; Poder continuar a operar em todos os mercados onde s\u00e3o exigidos padr\u00f5es elevados e reconhec\u00edveis &#8211; Poder melhorar a sua organiza\u00e7\u00e3o interna &#8211; Poder conquistar novas quotas de mercado dada a crescente sensibilidade para as quest\u00f5es da sustentabilidade ambiental e da eco-compatibilidade.<\/p>\n<p>Atrav\u00e9s da aplica\u00e7\u00e3o da norma ISO 14001, pretende-se: &#8211; Estabelecer a pr\u00f3pria Gest\u00e3o da Empresa numa perspetiva de Pensamento Baseado no Risco; &#8211; Simplificar a documenta\u00e7\u00e3o com enfoque nos processos e n\u00e3o nos documentos; &#8211; Rimappar com a Gest\u00e3o os verdadeiros Riscos Ambientais da Empresa e inclu\u00ed-los no Sistema de Gest\u00e3o; Enquanto que, atrav\u00e9s da ACV, se podem atingir os seguintes outros objectivos  <\/p>\n<p>&nbsp;<\/p>\n<ul>\n<li>Melhorar a imagem e a reputa\u00e7\u00e3o da empresa atrav\u00e9s da ado\u00e7\u00e3o de pol\u00edticas de sustentabilidade;<\/li>\n<li>A avalia\u00e7\u00e3o dos impactos ambientais ao longo do ciclo de vida do produto \u00e9 conseguida para reduzir os res\u00edduos e melhorar a sustentabilidade da empresa,<\/li>\n<li>Valoriza os seus investimentos em tecnologia e as boas pr\u00e1ticas existentes;<\/li>\n<li>Comunicar os resultados tamb\u00e9m &#8211; e sobretudo &#8211; sobre o produto.<\/li>\n<\/ul>\n<\/td>\n<\/tr>\n<tr>\n<td>DESPESAS ELEG\u00cdVEIS<\/td>\n<td>6.000,00 \u20ac<\/td>\n<\/tr>\n<tr>\n<td>CONTRIBUI\u00c7\u00c3O<\/td>\n<td>4.500,00 \u20ac<\/td>\n<\/tr>\n<\/tbody>\n<\/table>\n<p>&nbsp;<\/p>\n<p>[\/et_pb_text][\/et_pb_column][\/et_pb_row][\/et_pb_section]<\/p>\n","protected":false},"excerpt":{"rendered":"<p>Um multiplicador de oportunidades. A n\u00e3o perder. &nbsp; Eixo 1Investiga\u00e7\u00e3o, desenvolvimento tecnol\u00f3gico e inova\u00e7\u00e3o A\u00e7\u00e3o 1.1.2Apoio \u00e0 aquisi\u00e7\u00e3o de servi\u00e7os para a inova\u00e7\u00e3o tecnol\u00f3gica, estrat\u00e9gica, organizacional e comercial das empresas PROJECTODEFINI\u00c7\u00c3O E IMPLEMENTA\u00c7\u00c3O DO SISTEMA DE GEST\u00c3O AMBIENTAL SEGUNDO A NORMA UNI EN ISO 14001\/2015 E APLICA\u00c7\u00c3O DO M\u00c9TODO L.C.A. PARA AVALIA\u00c7\u00c3O DO CICLO DE [&hellip;]<\/p>\n","protected":false},"author":1,"featured_media":0,"parent":0,"menu_order":0,"comment_status":"closed","ping_status":"closed","template":"","meta":{"_acf_changed":false,"_et_pb_use_builder":"on","_et_pb_old_content":"","_et_gb_content_width":"","inline_featured_image":false,"footnotes":""},"categories":[],"class_list":["post-8901","page","type-page","status-publish","hentry"],"acf":[],"yoast_head":"<!-- This site is optimized with the Yoast SEO plugin v27.1.1 - https:\/\/yoast.com\/product\/yoast-seo-wordpress\/ -->\n<title>Por Fesr Regi\u00e3o do Veneto - Tubitex<\/title>\n<meta name=\"robots\" content=\"index, follow, max-snippet:-1, max-image-preview:large, max-video-preview:-1\" \/>\n<link rel=\"canonical\" href=\"https:\/\/www.tubitex.com\/pt-pt\/por-fesr-regiao-do-veneto\/\" \/>\n<meta property=\"og:locale\" content=\"pt_PT\" \/>\n<meta property=\"og:type\" content=\"article\" \/>\n<meta property=\"og:title\" content=\"Por Fesr Regi\u00e3o do Veneto - Tubitex\" \/>\n<meta property=\"og:description\" content=\"Um multiplicador de oportunidades. A n\u00e3o perder. &nbsp; Eixo 1Investiga\u00e7\u00e3o, desenvolvimento tecnol\u00f3gico e inova\u00e7\u00e3o A\u00e7\u00e3o 1.1.2Apoio \u00e0 aquisi\u00e7\u00e3o de servi\u00e7os para a inova\u00e7\u00e3o tecnol\u00f3gica, estrat\u00e9gica, organizacional e comercial das empresas PROJECTODEFINI\u00c7\u00c3O E IMPLEMENTA\u00c7\u00c3O DO SISTEMA DE GEST\u00c3O AMBIENTAL SEGUNDO A NORMA UNI EN ISO 14001\/2015 E APLICA\u00c7\u00c3O DO M\u00c9TODO L.C.A. PARA AVALIA\u00c7\u00c3O DO CICLO DE [&hellip;]\" \/>\n<meta property=\"og:url\" content=\"https:\/\/www.tubitex.com\/pt-pt\/por-fesr-regiao-do-veneto\/\" \/>\n<meta property=\"og:site_name\" content=\"Tubitex\" \/>\n<meta property=\"article:modified_time\" content=\"2025-01-07T08:40:04+00:00\" \/>\n<meta name=\"twitter:card\" content=\"summary_large_image\" \/>\n<meta name=\"twitter:label1\" content=\"Tempo estimado de leitura\" \/>\n\t<meta name=\"twitter:data1\" content=\"3 minutos\" \/>\n<script type=\"application\/ld+json\" class=\"yoast-schema-graph\">{\"@context\":\"https:\/\/schema.org\",\"@graph\":[{\"@type\":\"WebPage\",\"@id\":\"https:\/\/www.tubitex.com\/pt-pt\/por-fesr-regiao-do-veneto\/\",\"url\":\"https:\/\/www.tubitex.com\/pt-pt\/por-fesr-regiao-do-veneto\/\",\"name\":\"Por Fesr Regi\u00e3o do Veneto - Tubitex\",\"isPartOf\":{\"@id\":\"https:\/\/www.tubitex.com\/pt-pt\/#website\"},\"datePublished\":\"2023-09-12T10:18:13+00:00\",\"dateModified\":\"2025-01-07T08:40:04+00:00\",\"breadcrumb\":{\"@id\":\"https:\/\/www.tubitex.com\/pt-pt\/por-fesr-regiao-do-veneto\/#breadcrumb\"},\"inLanguage\":\"pt-PT\",\"potentialAction\":[{\"@type\":\"ReadAction\",\"target\":[\"https:\/\/www.tubitex.com\/pt-pt\/por-fesr-regiao-do-veneto\/\"]}]},{\"@type\":\"BreadcrumbList\",\"@id\":\"https:\/\/www.tubitex.com\/pt-pt\/por-fesr-regiao-do-veneto\/#breadcrumb\",\"itemListElement\":[{\"@type\":\"ListItem\",\"position\":1,\"name\":\"Home\",\"item\":\"https:\/\/www.tubitex.com\/pt-pt\/pagina-inicial\/\"},{\"@type\":\"ListItem\",\"position\":2,\"name\":\"Por Fesr Regi\u00e3o do Veneto\"}]},{\"@type\":\"WebSite\",\"@id\":\"https:\/\/www.tubitex.com\/pt-pt\/#website\",\"url\":\"https:\/\/www.tubitex.com\/pt-pt\/\",\"name\":\"Tubitex\",\"description\":\"Produzione tubi in cartone, anime e bobine di carta\",\"potentialAction\":[{\"@type\":\"SearchAction\",\"target\":{\"@type\":\"EntryPoint\",\"urlTemplate\":\"https:\/\/www.tubitex.com\/pt-pt\/?s={search_term_string}\"},\"query-input\":{\"@type\":\"PropertyValueSpecification\",\"valueRequired\":true,\"valueName\":\"search_term_string\"}}],\"inLanguage\":\"pt-PT\"}]}<\/script>\n<!-- \/ Yoast SEO plugin. -->","yoast_head_json":{"title":"Por Fesr Regi\u00e3o do Veneto - Tubitex","robots":{"index":"index","follow":"follow","max-snippet":"max-snippet:-1","max-image-preview":"max-image-preview:large","max-video-preview":"max-video-preview:-1"},"canonical":"https:\/\/www.tubitex.com\/pt-pt\/por-fesr-regiao-do-veneto\/","og_locale":"pt_PT","og_type":"article","og_title":"Por Fesr Regi\u00e3o do Veneto - Tubitex","og_description":"Um multiplicador de oportunidades. A n\u00e3o perder. &nbsp; Eixo 1Investiga\u00e7\u00e3o, desenvolvimento tecnol\u00f3gico e inova\u00e7\u00e3o A\u00e7\u00e3o 1.1.2Apoio \u00e0 aquisi\u00e7\u00e3o de servi\u00e7os para a inova\u00e7\u00e3o tecnol\u00f3gica, estrat\u00e9gica, organizacional e comercial das empresas PROJECTODEFINI\u00c7\u00c3O E IMPLEMENTA\u00c7\u00c3O DO SISTEMA DE GEST\u00c3O AMBIENTAL SEGUNDO A NORMA UNI EN ISO 14001\/2015 E APLICA\u00c7\u00c3O DO M\u00c9TODO L.C.A. PARA AVALIA\u00c7\u00c3O DO CICLO DE [&hellip;]","og_url":"https:\/\/www.tubitex.com\/pt-pt\/por-fesr-regiao-do-veneto\/","og_site_name":"Tubitex","article_modified_time":"2025-01-07T08:40:04+00:00","twitter_card":"summary_large_image","twitter_misc":{"Tempo estimado de leitura":"3 minutos"},"schema":{"@context":"https:\/\/schema.org","@graph":[{"@type":"WebPage","@id":"https:\/\/www.tubitex.com\/pt-pt\/por-fesr-regiao-do-veneto\/","url":"https:\/\/www.tubitex.com\/pt-pt\/por-fesr-regiao-do-veneto\/","name":"Por Fesr Regi\u00e3o do Veneto - Tubitex","isPartOf":{"@id":"https:\/\/www.tubitex.com\/pt-pt\/#website"},"datePublished":"2023-09-12T10:18:13+00:00","dateModified":"2025-01-07T08:40:04+00:00","breadcrumb":{"@id":"https:\/\/www.tubitex.com\/pt-pt\/por-fesr-regiao-do-veneto\/#breadcrumb"},"inLanguage":"pt-PT","potentialAction":[{"@type":"ReadAction","target":["https:\/\/www.tubitex.com\/pt-pt\/por-fesr-regiao-do-veneto\/"]}]},{"@type":"BreadcrumbList","@id":"https:\/\/www.tubitex.com\/pt-pt\/por-fesr-regiao-do-veneto\/#breadcrumb","itemListElement":[{"@type":"ListItem","position":1,"name":"Home","item":"https:\/\/www.tubitex.com\/pt-pt\/pagina-inicial\/"},{"@type":"ListItem","position":2,"name":"Por Fesr Regi\u00e3o do Veneto"}]},{"@type":"WebSite","@id":"https:\/\/www.tubitex.com\/pt-pt\/#website","url":"https:\/\/www.tubitex.com\/pt-pt\/","name":"Tubitex","description":"Produzione tubi in cartone, anime e bobine di carta","potentialAction":[{"@type":"SearchAction","target":{"@type":"EntryPoint","urlTemplate":"https:\/\/www.tubitex.com\/pt-pt\/?s={search_term_string}"},"query-input":{"@type":"PropertyValueSpecification","valueRequired":true,"valueName":"search_term_string"}}],"inLanguage":"pt-PT"}]}},"_links":{"self":[{"href":"https:\/\/www.tubitex.com\/pt-pt\/wp-json\/wp\/v2\/pages\/8901","targetHints":{"allow":["GET"]}}],"collection":[{"href":"https:\/\/www.tubitex.com\/pt-pt\/wp-json\/wp\/v2\/pages"}],"about":[{"href":"https:\/\/www.tubitex.com\/pt-pt\/wp-json\/wp\/v2\/types\/page"}],"author":[{"embeddable":true,"href":"https:\/\/www.tubitex.com\/pt-pt\/wp-json\/wp\/v2\/users\/1"}],"replies":[{"embeddable":true,"href":"https:\/\/www.tubitex.com\/pt-pt\/wp-json\/wp\/v2\/comments?post=8901"}],"version-history":[{"count":2,"href":"https:\/\/www.tubitex.com\/pt-pt\/wp-json\/wp\/v2\/pages\/8901\/revisions"}],"predecessor-version":[{"id":8905,"href":"https:\/\/www.tubitex.com\/pt-pt\/wp-json\/wp\/v2\/pages\/8901\/revisions\/8905"}],"wp:attachment":[{"href":"https:\/\/www.tubitex.com\/pt-pt\/wp-json\/wp\/v2\/media?parent=8901"}],"wp:term":[{"taxonomy":"category","embeddable":true,"href":"https:\/\/www.tubitex.com\/pt-pt\/wp-json\/wp\/v2\/categories?post=8901"}],"curies":[{"name":"wp","href":"https:\/\/api.w.org\/{rel}","templated":true}]}}