{"id":8774,"date":"2023-09-12T10:18:13","date_gmt":"2023-09-12T10:18:13","guid":{"rendered":"https:\/\/www.tubitex.com\/por-fesr-region-venetie\/"},"modified":"2024-11-29T15:41:31","modified_gmt":"2024-11-29T15:41:31","slug":"por-fesr-region-venetie","status":"publish","type":"page","link":"https:\/\/www.tubitex.com\/fr\/por-fesr-region-venetie\/","title":{"rendered":"Por Fesr R\u00e9gion V\u00e9n\u00e9tie"},"content":{"rendered":"<p>[et_pb_section fb_built=\u00a0\u00bb1&Prime; _builder_version=\u00a0\u00bb4.17.4&Prime; _module_preset=\u00a0\u00bbdefault\u00a0\u00bb global_colors_info=\u00a0\u00bb{}\u00a0\u00bb][et_pb_row column_structure=\u00a0\u00bb1_2,1_2&Prime; _builder_version=\u00a0\u00bb4.17.4&Prime; _module_preset=\u00a0\u00bbdefault\u00a0\u00bb hover_enabled=\u00a0\u00bb0&Prime; global_colors_info=\u00a0\u00bb{}\u00a0\u00bb sticky_enabled=\u00a0\u00bb0&Prime;][et_pb_column type=\u00a0\u00bb1_2&Prime; _builder_version=\u00a0\u00bb4.17.4&Prime; _module_preset=\u00a0\u00bbdefault\u00a0\u00bb global_colors_info=\u00a0\u00bb{}\u00a0\u00bb][et_pb_image src=\u00a0\u00bbhttps:\/\/www.tubitex.com\/wp-content\/uploads\/2023\/05\/logo-pro-fesr-regione-veneto.png\u00a0\u00bb title_text=\u00a0\u00bblogo-pro-fesr-region-veneto\u00a0\u00bb _builder_version=\u00a0\u00bb4.17.4&Prime; _module_preset=\u00a0\u00bbdefault\u00a0\u00bb hover_enabled=\u00a0\u00bb0&Prime; global_colors_info=\u00a0\u00bb{}\u00a0\u00bb align=\u00a0\u00bbcenter\u00a0\u00bb sticky_enabled=\u00a0\u00bb0&Prime;][\/et_pb_image][\/et_pb_column][et_pb_column type=\u00a0\u00bb1_2&Prime; _builder_version=\u00a0\u00bb4.17.4&Prime; _module_preset=\u00a0\u00bbdefault\u00a0\u00bb hover_enabled=\u00a0\u00bb0&Prime; global_colors_info=\u00a0\u00bb{}\u00a0\u00bb sticky_enabled=\u00a0\u00bb0&Prime;][et_pb_image src=\u00a0\u00bbhttps:\/\/www.tubitex.com\/wp-content\/uploads\/\/logo.svg\u00a0\u00bb title_text=\u00a0\u00bblogo\u00a0\u00bb _builder_version=\u00a0\u00bb4.17.4&Prime; _module_preset=\u00a0\u00bbdefault\u00a0\u00bb hover_enabled=\u00a0\u00bb0&Prime; global_colors_info=\u00a0\u00bb{}\u00a0\u00bb align=\u00a0\u00bbcenter\u00a0\u00bb sticky_enabled=\u00a0\u00bb0&Prime;][\/et_pb_image][\/et_pb_column][\/et_pb_row][et_pb_row _builder_version=\u00a0\u00bb4.17.4&Prime; _module_preset=\u00a0\u00bbdefault\u00a0\u00bb global_colors_info=\u00a0\u00bb{}\u00a0\u00bb][et_pb_column type=\u00a0\u00bb4_4&Prime; _builder_version=\u00a0\u00bb4.17.4&Prime; _module_preset=\u00a0\u00bbdefault\u00a0\u00bb global_colors_info=\u00a0\u00bb{}\u00a0\u00bb][et_pb_text _builder_version=\u00a0\u00bb4.17.4&Prime; _module_preset=\u00a0\u00bbdefault\u00a0\u00bb global_colors_info=\u00a0\u00bb{}\u00a0\u00bb]<\/p>\n<h2>Un multiplicateur d&rsquo;opportunit\u00e9s. \u00c0 ne pas manquer. <\/h2>\n<p>[\/et_pb_text][\/et_pb_column][\/et_pb_row][et_pb_row _builder_version=\u00a0\u00bb4.17.4&Prime; _module_preset=\u00a0\u00bbdefault\u00a0\u00bb global_colors_info=\u00a0\u00bb{}\u00a0\u00bb][et_pb_column type=\u00a0\u00bb4_4&Prime; _builder_version=\u00a0\u00bb4.17.4&Prime; _module_preset=\u00a0\u00bbdefault\u00a0\u00bb global_colors_info=\u00a0\u00bb{}\u00a0\u00bb][et_pb_text _builder_version=\u00a0\u00bb4.17.4&Prime; _module_preset=\u00a0\u00bbdefault\u00a0\u00bb global_colors_info=\u00a0\u00bb{}\u00a0\u00bb]<\/p>\n<p>&nbsp;<\/p>\n<table class=\" alignleft\" width=\"100%\">\n<tbody>\n<tr>\n<td>Axe 1<\/td>\n<td>Recherche, d\u00e9veloppement technologique et innovation<\/td>\n<\/tr>\n<tr>\n<td>Action 1.1.2<\/td>\n<td>Soutien \u00e0 l&rsquo;achat de services pour l&rsquo;innovation technologique, strat\u00e9gique, organisationnelle et commerciale des entreprises<\/td>\n<\/tr>\n<tr>\n<td>PROJET<\/td>\n<td>DEFINITION ET MISE EN OEUVRE DU SYSTEME DE GESTION ENVIRONNEMENTALE SELON LA NORME UNI EN ISO 14001\/2015 ET APPLICATION DE LA METHODE L.C.A. POUR L&rsquo;ANALYSE DU CYCLE DE VIE DES PRODUITS<\/td>\n<\/tr>\n<tr>\n<td>DESCRIPTION<\/td>\n<td>L&rsquo;objectif du projet est de consolider et de renforcer la position obtenue au fil des ans sur les march\u00e9s nationaux et internationaux.<\/p>\n<p>En particulier, l&rsquo;entreprise entend : &#8211; Pouvoir continuer \u00e0 op\u00e9rer sur tous les march\u00e9s o\u00f9 des normes \u00e9lev\u00e9es et reconnaissables sont exig\u00e9es &#8211; Pouvoir am\u00e9liorer son organisation interne &#8211; Pouvoir acqu\u00e9rir de nouvelles parts de march\u00e9 compte tenu de la sensibilit\u00e9 croissante aux questions de durabilit\u00e9 environnementale et d&rsquo;\u00e9co-compatibilit\u00e9.<\/p>\n<p>En appliquant la norme ISO 14001, on vise \u00e0 : &#8211; d\u00e9finir sa propre gestion d&rsquo;entreprise en vue d&rsquo;une r\u00e9flexion bas\u00e9e sur les risques ; &#8211; simplifier la documentation en mettant l&rsquo;accent sur les processus et non sur les documents ; &#8211; rimapper avec la direction les risques environnementaux r\u00e9els de l&rsquo;entreprise et les inclure dans le syst\u00e8me de gestion ; tandis que, gr\u00e2ce \u00e0 l&rsquo;ACV, on peut atteindre les autres objectifs suivants  <\/p>\n<p>&nbsp;<\/p>\n<ul>\n<li>Am\u00e9liorer l&rsquo;image et la r\u00e9putation de l&rsquo;entreprise par l&rsquo;adoption de politiques de d\u00e9veloppement durable ;<\/li>\n<li>L&rsquo;\u00e9valuation des impacts environnementaux tout au long du cycle de vie du produit permet de r\u00e9duire les d\u00e9chets et d&rsquo;am\u00e9liorer la durabilit\u00e9 de l&rsquo;entreprise,<\/li>\n<li>Valoriser leurs investissements dans la technologie et les bonnes pratiques existantes ;<\/li>\n<li>Communiquer les r\u00e9sultats \u00e9galement &#8211; et surtout &#8211; sur le produit.<\/li>\n<\/ul>\n<\/td>\n<\/tr>\n<tr>\n<td>D\u00c9PENSES \u00c9LIGIBLES<\/td>\n<td>6.000,00 \u20ac<\/td>\n<\/tr>\n<tr>\n<td>CONTRIBUTION<\/td>\n<td>4.500,00 \u20ac<\/td>\n<\/tr>\n<\/tbody>\n<\/table>\n<p>&nbsp;<\/p>\n<p>[\/et_pb_text][\/et_pb_column][\/et_pb_row][\/et_pb_section]<\/p>\n","protected":false},"excerpt":{"rendered":"<p>Un multiplicateur d&rsquo;opportunit\u00e9s. \u00c0 ne pas manquer. &nbsp; Axe 1Recherche, d\u00e9veloppement technologique et innovation Action 1.1.2Soutien \u00e0 l&rsquo;achat de services pour l&rsquo;innovation technologique, strat\u00e9gique, organisationnelle et commerciale des entreprises PROJETDEFINITION ET MISE EN OEUVRE DU SYSTEME DE GESTION ENVIRONNEMENTALE SELON LA NORME UNI EN ISO 14001\/2015 ET APPLICATION DE LA METHODE L.C.A. POUR L&rsquo;ANALYSE DU [&hellip;]<\/p>\n","protected":false},"author":1,"featured_media":0,"parent":0,"menu_order":0,"comment_status":"closed","ping_status":"closed","template":"","meta":{"_acf_changed":false,"_et_pb_use_builder":"on","_et_pb_old_content":"","_et_gb_content_width":"","inline_featured_image":false,"footnotes":""},"categories":[],"class_list":["post-8774","page","type-page","status-publish","hentry"],"acf":[],"yoast_head":"<!-- This site is optimized with the Yoast SEO plugin v27.1.1 - https:\/\/yoast.com\/product\/yoast-seo-wordpress\/ -->\n<title>Por Fesr R\u00e9gion V\u00e9n\u00e9tie - Tubitex<\/title>\n<meta name=\"robots\" content=\"index, follow, max-snippet:-1, max-image-preview:large, max-video-preview:-1\" \/>\n<link rel=\"canonical\" href=\"https:\/\/www.tubitex.com\/fr\/por-fesr-region-venetie\/\" \/>\n<meta property=\"og:locale\" content=\"fr_FR\" \/>\n<meta property=\"og:type\" content=\"article\" \/>\n<meta property=\"og:title\" content=\"Por Fesr R\u00e9gion V\u00e9n\u00e9tie - Tubitex\" \/>\n<meta property=\"og:description\" content=\"Un multiplicateur d&#039;opportunit\u00e9s. \u00c0 ne pas manquer. &nbsp; Axe 1Recherche, d\u00e9veloppement technologique et innovation Action 1.1.2Soutien \u00e0 l&#039;achat de services pour l&#039;innovation technologique, strat\u00e9gique, organisationnelle et commerciale des entreprises PROJETDEFINITION ET MISE EN OEUVRE DU SYSTEME DE GESTION ENVIRONNEMENTALE SELON LA NORME UNI EN ISO 14001\/2015 ET APPLICATION DE LA METHODE L.C.A. POUR L&#039;ANALYSE DU [&hellip;]\" \/>\n<meta property=\"og:url\" content=\"https:\/\/www.tubitex.com\/fr\/por-fesr-region-venetie\/\" \/>\n<meta property=\"og:site_name\" content=\"Tubitex\" \/>\n<meta property=\"article:modified_time\" content=\"2024-11-29T15:41:31+00:00\" \/>\n<meta name=\"twitter:card\" content=\"summary_large_image\" \/>\n<meta name=\"twitter:label1\" content=\"Dur\u00e9e de lecture estim\u00e9e\" \/>\n\t<meta name=\"twitter:data1\" content=\"3 minutes\" \/>\n<script type=\"application\/ld+json\" class=\"yoast-schema-graph\">{\"@context\":\"https:\/\/schema.org\",\"@graph\":[{\"@type\":\"WebPage\",\"@id\":\"https:\/\/www.tubitex.com\/fr\/por-fesr-region-venetie\/\",\"url\":\"https:\/\/www.tubitex.com\/fr\/por-fesr-region-venetie\/\",\"name\":\"Por Fesr R\u00e9gion V\u00e9n\u00e9tie - Tubitex\",\"isPartOf\":{\"@id\":\"https:\/\/www.tubitex.com\/fr\/#website\"},\"datePublished\":\"2023-09-12T10:18:13+00:00\",\"dateModified\":\"2024-11-29T15:41:31+00:00\",\"breadcrumb\":{\"@id\":\"https:\/\/www.tubitex.com\/fr\/por-fesr-region-venetie\/#breadcrumb\"},\"inLanguage\":\"fr-FR\",\"potentialAction\":[{\"@type\":\"ReadAction\",\"target\":[\"https:\/\/www.tubitex.com\/fr\/por-fesr-region-venetie\/\"]}]},{\"@type\":\"BreadcrumbList\",\"@id\":\"https:\/\/www.tubitex.com\/fr\/por-fesr-region-venetie\/#breadcrumb\",\"itemListElement\":[{\"@type\":\"ListItem\",\"position\":1,\"name\":\"Home\",\"item\":\"https:\/\/www.tubitex.com\/fr\/page-daccueil\/\"},{\"@type\":\"ListItem\",\"position\":2,\"name\":\"Por Fesr R\u00e9gion V\u00e9n\u00e9tie\"}]},{\"@type\":\"WebSite\",\"@id\":\"https:\/\/www.tubitex.com\/fr\/#website\",\"url\":\"https:\/\/www.tubitex.com\/fr\/\",\"name\":\"Tubitex\",\"description\":\"Produzione tubi in cartone, anime e bobine di carta\",\"potentialAction\":[{\"@type\":\"SearchAction\",\"target\":{\"@type\":\"EntryPoint\",\"urlTemplate\":\"https:\/\/www.tubitex.com\/fr\/?s={search_term_string}\"},\"query-input\":{\"@type\":\"PropertyValueSpecification\",\"valueRequired\":true,\"valueName\":\"search_term_string\"}}],\"inLanguage\":\"fr-FR\"}]}<\/script>\n<!-- \/ Yoast SEO plugin. -->","yoast_head_json":{"title":"Por Fesr R\u00e9gion V\u00e9n\u00e9tie - Tubitex","robots":{"index":"index","follow":"follow","max-snippet":"max-snippet:-1","max-image-preview":"max-image-preview:large","max-video-preview":"max-video-preview:-1"},"canonical":"https:\/\/www.tubitex.com\/fr\/por-fesr-region-venetie\/","og_locale":"fr_FR","og_type":"article","og_title":"Por Fesr R\u00e9gion V\u00e9n\u00e9tie - Tubitex","og_description":"Un multiplicateur d'opportunit\u00e9s. \u00c0 ne pas manquer. &nbsp; Axe 1Recherche, d\u00e9veloppement technologique et innovation Action 1.1.2Soutien \u00e0 l'achat de services pour l'innovation technologique, strat\u00e9gique, organisationnelle et commerciale des entreprises PROJETDEFINITION ET MISE EN OEUVRE DU SYSTEME DE GESTION ENVIRONNEMENTALE SELON LA NORME UNI EN ISO 14001\/2015 ET APPLICATION DE LA METHODE L.C.A. POUR L'ANALYSE DU [&hellip;]","og_url":"https:\/\/www.tubitex.com\/fr\/por-fesr-region-venetie\/","og_site_name":"Tubitex","article_modified_time":"2024-11-29T15:41:31+00:00","twitter_card":"summary_large_image","twitter_misc":{"Dur\u00e9e de lecture estim\u00e9e":"3 minutes"},"schema":{"@context":"https:\/\/schema.org","@graph":[{"@type":"WebPage","@id":"https:\/\/www.tubitex.com\/fr\/por-fesr-region-venetie\/","url":"https:\/\/www.tubitex.com\/fr\/por-fesr-region-venetie\/","name":"Por Fesr R\u00e9gion V\u00e9n\u00e9tie - Tubitex","isPartOf":{"@id":"https:\/\/www.tubitex.com\/fr\/#website"},"datePublished":"2023-09-12T10:18:13+00:00","dateModified":"2024-11-29T15:41:31+00:00","breadcrumb":{"@id":"https:\/\/www.tubitex.com\/fr\/por-fesr-region-venetie\/#breadcrumb"},"inLanguage":"fr-FR","potentialAction":[{"@type":"ReadAction","target":["https:\/\/www.tubitex.com\/fr\/por-fesr-region-venetie\/"]}]},{"@type":"BreadcrumbList","@id":"https:\/\/www.tubitex.com\/fr\/por-fesr-region-venetie\/#breadcrumb","itemListElement":[{"@type":"ListItem","position":1,"name":"Home","item":"https:\/\/www.tubitex.com\/fr\/page-daccueil\/"},{"@type":"ListItem","position":2,"name":"Por Fesr R\u00e9gion V\u00e9n\u00e9tie"}]},{"@type":"WebSite","@id":"https:\/\/www.tubitex.com\/fr\/#website","url":"https:\/\/www.tubitex.com\/fr\/","name":"Tubitex","description":"Produzione tubi in cartone, anime e bobine di carta","potentialAction":[{"@type":"SearchAction","target":{"@type":"EntryPoint","urlTemplate":"https:\/\/www.tubitex.com\/fr\/?s={search_term_string}"},"query-input":{"@type":"PropertyValueSpecification","valueRequired":true,"valueName":"search_term_string"}}],"inLanguage":"fr-FR"}]}},"_links":{"self":[{"href":"https:\/\/www.tubitex.com\/fr\/wp-json\/wp\/v2\/pages\/8774","targetHints":{"allow":["GET"]}}],"collection":[{"href":"https:\/\/www.tubitex.com\/fr\/wp-json\/wp\/v2\/pages"}],"about":[{"href":"https:\/\/www.tubitex.com\/fr\/wp-json\/wp\/v2\/types\/page"}],"author":[{"embeddable":true,"href":"https:\/\/www.tubitex.com\/fr\/wp-json\/wp\/v2\/users\/1"}],"replies":[{"embeddable":true,"href":"https:\/\/www.tubitex.com\/fr\/wp-json\/wp\/v2\/comments?post=8774"}],"version-history":[{"count":7,"href":"https:\/\/www.tubitex.com\/fr\/wp-json\/wp\/v2\/pages\/8774\/revisions"}],"predecessor-version":[{"id":8781,"href":"https:\/\/www.tubitex.com\/fr\/wp-json\/wp\/v2\/pages\/8774\/revisions\/8781"}],"wp:attachment":[{"href":"https:\/\/www.tubitex.com\/fr\/wp-json\/wp\/v2\/media?parent=8774"}],"wp:term":[{"taxonomy":"category","embeddable":true,"href":"https:\/\/www.tubitex.com\/fr\/wp-json\/wp\/v2\/categories?post=8774"}],"curies":[{"name":"wp","href":"https:\/\/api.w.org\/{rel}","templated":true}]}}